{"id":642,"date":"2018-03-11T09:35:59","date_gmt":"2018-03-11T14:35:59","guid":{"rendered":"https:\/\/www.carmaxrentacar.com\/guayaquil\/?page_id=642"},"modified":"2026-02-06T10:28:35","modified_gmt":"2026-02-06T15:28:35","slug":"alquiler-de-furgonetas-ecuador","status":"publish","type":"page","link":"https:\/\/www.carmaxrentacar.com\/guayaquil\/alquiler-de-furgonetas-ecuador.html","title":{"rendered":"Alquiler de Furgonetas Guayaquil"},"content":{"rendered":"\t\t<div data-elementor-type=\"wp-post\" data-elementor-id=\"642\" class=\"elementor elementor-642\" data-elementor-post-type=\"page\">\n\t\t\t\t<div class=\"elementor-element elementor-element-6d01b16 e-flex e-con-boxed e-con e-parent\" data-id=\"6d01b16\" data-element_type=\"container\" data-e-type=\"container\">\n\t\t\t\t\t<div class=\"e-con-inner\">\n\t\t<div class=\"elementor-element elementor-element-8b2305d e-con-full e-flex e-con e-child\" data-id=\"8b2305d\" data-element_type=\"container\" data-e-type=\"container\">\n\t\t\t\t<div class=\"elementor-element elementor-element-54dc736 elementor-widget elementor-widget-heading\" data-id=\"54dc736\" data-element_type=\"widget\" data-e-type=\"widget\" data-widget_type=\"heading.default\">\n\t\t\t\t<div class=\"elementor-widget-container\">\n\t\t\t\t\t<h1 class=\"elementor-heading-title elementor-size-large\">Alquiler de <b>Furgonetas<\/b> en Guayaquil<\/h1>\t\t\t\t<\/div>\n\t\t\t\t<\/div>\n\t\t\t\t<div class=\"elementor-element elementor-element-f5829c6 elementor-widget elementor-widget-text-editor\" data-id=\"f5829c6\" data-element_type=\"widget\" data-e-type=\"widget\" data-widget_type=\"text-editor.default\">\n\t\t\t\t<div class=\"elementor-widget-container\">\n\t\t\t\t\t\t\t\t\t<p>Modelo aerodin\u00e1mico ideal para excursiones en familia.<\/p>\t\t\t\t\t\t\t\t<\/div>\n\t\t\t\t<\/div>\n\t\t\t\t<\/div>\n\t\t\t\t\t<\/div>\n\t\t\t\t<\/div>\n\t\t<div class=\"elementor-element elementor-element-21001c6 e-flex e-con-boxed e-con e-parent\" data-id=\"21001c6\" data-element_type=\"container\" data-e-type=\"container\">\n\t\t\t\t\t<div class=\"e-con-inner\">\n\t\t\t\t<div class=\"elementor-element elementor-element-1a47404 elementor-widget elementor-widget-image\" data-id=\"1a47404\" data-element_type=\"widget\" data-e-type=\"widget\" data-widget_type=\"image.default\">\n\t\t\t\t<div class=\"elementor-widget-container\">\n\t\t\t\t\t\t\t\t\t\t\t\t\t\t\t<img fetchpriority=\"high\" decoding=\"async\" width=\"800\" height=\"500\" src=\"https:\/\/www.carmaxrentacar.com\/guayaquil\/wp-content\/uploads\/2025\/05\/staria-interior-hyundai.jpg\" class=\"attachment-full size-full wp-image-8656\" alt=\"staria interior hyundai\" srcset=\"https:\/\/www.carmaxrentacar.com\/guayaquil\/wp-content\/uploads\/2025\/05\/staria-interior-hyundai.jpg 800w, https:\/\/www.carmaxrentacar.com\/guayaquil\/wp-content\/uploads\/2025\/05\/staria-interior-hyundai-300x188.jpg 300w, https:\/\/www.carmaxrentacar.com\/guayaquil\/wp-content\/uploads\/2025\/05\/staria-interior-hyundai-768x480.jpg 768w\" sizes=\"(max-width: 800px) 100vw, 800px\" title=\"\">\t\t\t\t\t\t\t\t\t\t\t\t\t\t\t<\/div>\n\t\t\t\t<\/div>\n\t\t\t\t<div class=\"elementor-element elementor-element-0f50ef4 elementor-widget elementor-widget-image\" data-id=\"0f50ef4\" data-element_type=\"widget\" data-e-type=\"widget\" data-widget_type=\"image.default\">\n\t\t\t\t<div class=\"elementor-widget-container\">\n\t\t\t\t\t\t\t\t\t\t\t\t\t\t\t<img decoding=\"async\" width=\"800\" height=\"500\" src=\"https:\/\/www.carmaxrentacar.com\/guayaquil\/wp-content\/uploads\/2025\/05\/staria-hyundai.jpg\" class=\"attachment-full size-full wp-image-8652\" alt=\"alquiler de staria hyundai\" srcset=\"https:\/\/www.carmaxrentacar.com\/guayaquil\/wp-content\/uploads\/2025\/05\/staria-hyundai.jpg 800w, https:\/\/www.carmaxrentacar.com\/guayaquil\/wp-content\/uploads\/2025\/05\/staria-hyundai-300x188.jpg 300w, https:\/\/www.carmaxrentacar.com\/guayaquil\/wp-content\/uploads\/2025\/05\/staria-hyundai-768x480.jpg 768w\" sizes=\"(max-width: 800px) 100vw, 800px\" title=\"\">\t\t\t\t\t\t\t\t\t\t\t\t\t\t\t<\/div>\n\t\t\t\t<\/div>\n\t\t\t\t\t<\/div>\n\t\t\t\t<\/div>\n\t\t<div class=\"elementor-element elementor-element-304f3e9 e-flex e-con-boxed e-con e-parent\" data-id=\"304f3e9\" data-element_type=\"container\" data-e-type=\"container\">\n\t\t\t\t\t<div class=\"e-con-inner\">\n\t\t<div class=\"elementor-element elementor-element-a42316d e-con-full e-flex e-con e-child\" data-id=\"a42316d\" data-element_type=\"container\" data-e-type=\"container\">\n\t\t<div class=\"elementor-element elementor-element-155bef0 e-con-full e-flex e-con e-child\" data-id=\"155bef0\" data-element_type=\"container\" data-e-type=\"container\">\n\t\t<div class=\"elementor-element elementor-element-a396f82 e-con-full e-flex e-con e-child\" data-id=\"a396f82\" data-element_type=\"container\" data-e-type=\"container\">\n\t\t\t\t<div class=\"elementor-element elementor-element-1f36387 elementor-widget elementor-widget-image\" data-id=\"1f36387\" data-element_type=\"widget\" data-e-type=\"widget\" data-widget_type=\"image.default\">\n\t\t\t\t<div class=\"elementor-widget-container\">\n\t\t\t\t\t\t\t\t\t\t\t\t\t\t\t<img decoding=\"async\" width=\"800\" height=\"500\" src=\"https:\/\/www.carmaxrentacar.com\/guayaquil\/wp-content\/uploads\/2025\/05\/staria-hyundai-guayaquil.jpg\" class=\"attachment-full size-full wp-image-8682\" alt=\"Furgonetas de alquiler en Guayaquil sin chofer\" srcset=\"https:\/\/www.carmaxrentacar.com\/guayaquil\/wp-content\/uploads\/2025\/05\/staria-hyundai-guayaquil.jpg 800w, https:\/\/www.carmaxrentacar.com\/guayaquil\/wp-content\/uploads\/2025\/05\/staria-hyundai-guayaquil-300x188.jpg 300w, https:\/\/www.carmaxrentacar.com\/guayaquil\/wp-content\/uploads\/2025\/05\/staria-hyundai-guayaquil-768x480.jpg 768w\" sizes=\"(max-width: 800px) 100vw, 800px\" title=\"\">\t\t\t\t\t\t\t\t\t\t\t\t\t\t\t<\/div>\n\t\t\t\t<\/div>\n\t\t\t\t<\/div>\n\t\t<div class=\"elementor-element elementor-element-061ad26 e-con-full e-flex e-con e-child\" data-id=\"061ad26\" data-element_type=\"container\" data-e-type=\"container\">\n\t\t\t\t<div class=\"elementor-element elementor-element-982e3e3 elementor-widget elementor-widget-heading\" data-id=\"982e3e3\" data-element_type=\"widget\" data-e-type=\"widget\" data-widget_type=\"heading.default\">\n\t\t\t\t<div class=\"elementor-widget-container\">\n\t\t\t\t\t<span class=\"elementor-heading-title elementor-size-default\">Nuevo <b>Hyundai Staria<\/b><\/span>\t\t\t\t<\/div>\n\t\t\t\t<\/div>\n\t\t\t\t<div class=\"elementor-element elementor-element-360a774 elementor-widget elementor-widget-heading\" data-id=\"360a774\" data-element_type=\"widget\" data-e-type=\"widget\" data-widget_type=\"heading.default\">\n\t\t\t\t<div class=\"elementor-widget-container\">\n\t\t\t\t\t<span class=\"elementor-heading-title elementor-size-default\">Renta <b>m\u00ednimo 3 d\u00edas:<\/b> <br>$405 (total de tres d\u00edas).<\/span>\t\t\t\t<\/div>\n\t\t\t\t<\/div>\n\t\t\t\t<div class=\"elementor-element elementor-element-304e6ea elementor-widget elementor-widget-text-editor\" data-id=\"304e6ea\" data-element_type=\"widget\" data-e-type=\"widget\" data-widget_type=\"text-editor.default\">\n\t\t\t\t<div class=\"elementor-widget-container\">\n\t\t\t\t\t\t\t\t\t<p><b>Requisitos<\/b>:<\/p><p><img decoding=\"async\" class=\"emoji\" role=\"img\" draggable=\"false\" src=\"https:\/\/s.w.org\/images\/core\/emoji\/15.0.3\/svg\/1f539.svg\" alt=\"\ud83d\udd39\" title=\"\">\u00a0Garant\u00eda accidentes $2000 voucher tarjeta de cr\u00e9dito<br \/><img decoding=\"async\" class=\"emoji\" role=\"img\" draggable=\"false\" src=\"https:\/\/s.w.org\/images\/core\/emoji\/15.0.3\/svg\/1f539.svg\" alt=\"\ud83d\udd39\" title=\"\">\u00a0Garant\u00eda de $180 para multas (devuelto en 29 d\u00edas)<br \/><img decoding=\"async\" class=\"emoji\" role=\"img\" draggable=\"false\" src=\"https:\/\/s.w.org\/images\/core\/emoji\/15.0.3\/svg\/1f539.svg\" alt=\"\ud83d\udd39\" title=\"\">\u00a0Pasaporte o c\u00e9dula<br \/><img decoding=\"async\" class=\"emoji\" role=\"img\" draggable=\"false\" src=\"https:\/\/s.w.org\/images\/core\/emoji\/15.0.3\/svg\/1f539.svg\" alt=\"\ud83d\udd39\" title=\"\"> Licencia de conducir vigente<\/p>\t\t\t\t\t\t\t\t<\/div>\n\t\t\t\t<\/div>\n\t\t\t\t<div class=\"elementor-element elementor-element-f2ffa04 elementor-widget elementor-widget-text-editor\" data-id=\"f2ffa04\" data-element_type=\"widget\" data-e-type=\"widget\" data-widget_type=\"text-editor.default\">\n\t\t\t\t<div class=\"elementor-widget-container\">\n\t\t\t\t\t\t\t\t\t<p><b>Incluye<\/b>:<\/p><p><img decoding=\"async\" class=\"emoji\" role=\"img\" draggable=\"false\" src=\"https:\/\/s.w.org\/images\/core\/emoji\/15.0.3\/svg\/1f539.svg\" alt=\"\ud83d\udd39\" title=\"\"> Kilometraje o millas libres.<br \/><img decoding=\"async\" class=\"emoji\" role=\"img\" draggable=\"false\" src=\"https:\/\/s.w.org\/images\/core\/emoji\/15.0.3\/svg\/1f539.svg\" alt=\"\ud83d\udd39\" title=\"\"> Seguro b\u00e1sico.<br \/><img decoding=\"async\" class=\"emoji\" role=\"img\" draggable=\"false\" src=\"https:\/\/s.w.org\/images\/core\/emoji\/15.0.3\/svg\/1f539.svg\" alt=\"\ud83d\udd39\" title=\"\"> Rastreo Satelital<br \/><img decoding=\"async\" class=\"emoji\" role=\"img\" draggable=\"false\" src=\"https:\/\/s.w.org\/images\/core\/emoji\/15.0.3\/svg\/1f539.svg\" alt=\"\ud83d\udd39\" title=\"\"> Asistencia 24\/7<br \/><img decoding=\"async\" class=\"emoji\" role=\"img\" draggable=\"false\" src=\"https:\/\/s.w.org\/images\/core\/emoji\/15.0.3\/svg\/1f539.svg\" alt=\"\ud83d\udd39\" title=\"\"> Recepci\u00f3n en Aeropuerto (GYE)<br \/><img decoding=\"async\" class=\"emoji\" role=\"img\" draggable=\"false\" src=\"https:\/\/s.w.org\/images\/core\/emoji\/15.0.3\/svg\/1f539.svg\" alt=\"\ud83d\udd39\" title=\"\"> Sin recargo sorpresa<\/p>\t\t\t\t\t\t\t\t<\/div>\n\t\t\t\t<\/div>\n\t\t\t\t<div class=\"elementor-element elementor-element-8696b43 elementor-align-left animated-fast elementor-invisible elementor-widget elementor-widget-button\" data-id=\"8696b43\" data-element_type=\"widget\" data-e-type=\"widget\" data-settings=\"{&quot;_animation&quot;:&quot;headShake&quot;,&quot;_animation_delay&quot;:300}\" data-widget_type=\"button.default\">\n\t\t\t\t<div class=\"elementor-widget-container\">\n\t\t\t\t\t\t\t\t\t<div class=\"elementor-button-wrapper\">\n\t\t\t\t\t<a class=\"elementor-button elementor-button-link elementor-size-sm elementor-animation-push\" href=\"https:\/\/api.whatsapp.com\/send?phone=593999616161&#038;text=%5BSW%5D%20Hola%20Carmax,%20deseo%20rentar%20el%20Nuevo%20*Hyundai%20Staria*%20...\" target=\"_blank\" rel=\"noopener\">\n\t\t\t\t\t\t<span class=\"elementor-button-content-wrapper\">\n\t\t\t\t\t\t<span class=\"elementor-button-icon\">\n\t\t\t\t<i aria-hidden=\"true\" class=\"fab fa-whatsapp\"><\/i>\t\t\t<\/span>\n\t\t\t\t\t\t\t\t\t<span class=\"elementor-button-text\">Reserva Hyundai Staria<\/span>\n\t\t\t\t\t<\/span>\n\t\t\t\t\t<\/a>\n\t\t\t\t<\/div>\n\t\t\t\t\t\t\t\t<\/div>\n\t\t\t\t<\/div>\n\t\t\t\t<\/div>\n\t\t\t\t<\/div>\n\t\t\t\t<\/div>\n\t\t\t\t\t<\/div>\n\t\t\t\t<\/div>\n\t\t<div class=\"elementor-element elementor-element-e1cea5f e-flex e-con-boxed e-con e-parent\" data-id=\"e1cea5f\" data-element_type=\"container\" data-e-type=\"container\">\n\t\t\t\t\t<div class=\"e-con-inner\">\n\t\t\t\t<div class=\"elementor-element elementor-element-506497e elementor-widget elementor-widget-heading\" data-id=\"506497e\" data-element_type=\"widget\" data-e-type=\"widget\" data-widget_type=\"heading.default\">\n\t\t\t\t<div class=\"elementor-widget-container\">\n\t\t\t\t\t<h2 class=\"elementor-heading-title elementor-size-default\">Alquiler de Furgonetas 11 pasajeros Guayaquil<\/h2>\t\t\t\t<\/div>\n\t\t\t\t<\/div>\n\t\t\t\t<div class=\"elementor-element elementor-element-dfb4087 elementor-widget elementor-widget-heading\" data-id=\"dfb4087\" data-element_type=\"widget\" data-e-type=\"widget\" data-widget_type=\"heading.default\">\n\t\t\t\t<div class=\"elementor-widget-container\">\n\t\t\t\t\t<span class=\"elementor-heading-title elementor-size-default\">Soluci\u00f3n de Movilidad Premium en Guayaquil<\/span>\t\t\t\t<\/div>\n\t\t\t\t<\/div>\n\t\t<div class=\"elementor-element elementor-element-d8a9158 e-con-full e-flex e-con e-child\" data-id=\"d8a9158\" data-element_type=\"container\" data-e-type=\"container\">\n\t\t<div class=\"elementor-element elementor-element-f91b509 e-con-full e-flex e-con e-child\" data-id=\"f91b509\" data-element_type=\"container\" data-e-type=\"container\">\n\t\t\t\t<div class=\"elementor-element elementor-element-ace64e1 elementor-widget elementor-widget-text-editor\" data-id=\"ace64e1\" data-element_type=\"widget\" data-e-type=\"widget\" data-widget_type=\"text-editor.default\">\n\t\t\t\t<div class=\"elementor-widget-container\">\n\t\t\t\t\t\t\t\t\t<p>\u00bfEst\u00e1s organizando un viaje familiar, una escapada con amigos o el traslado log\u00edstico de tu personal? En <strong>Carmax Rent a Car<\/strong>, potenciamos tus rutas con el servicio m\u00e1s confiable de <strong>alquiler de furgonetas 11 pasajeros Guayaquil<\/strong>. Experimenta la vanguardia y el espacio que solo la <strong>Hyundai Staria<\/strong> puede ofrecerte; una van dise\u00f1ada para adaptarse a cualquier exigencia de transporte con total versatilidad.<\/p><p>Gracias a su potente motor di\u00e9sel de <strong>2.2L<\/strong>, tendr\u00e1s la eficiencia y el desempe\u00f1o necesarios para recorrer cada rinc\u00f3n del pa\u00eds sin preocupaciones. En su interior, el confort es prioridad: disfruta de un ambiente fresco con aire acondicionado multizona, asientos ergon\u00f3micos y una conectividad total mediante su pantalla t\u00e1ctil de 8 pulgadas, compatible con Android Auto y Apple CarPlay.<\/p>\t\t\t\t\t\t\t\t<\/div>\n\t\t\t\t<\/div>\n\t\t\t\t<\/div>\n\t\t<div class=\"elementor-element elementor-element-5ab6e75 e-con-full e-flex e-con e-child\" data-id=\"5ab6e75\" data-element_type=\"container\" data-e-type=\"container\">\n\t\t\t\t<div class=\"elementor-element elementor-element-0555da8 elementor-widget elementor-widget-image\" data-id=\"0555da8\" data-element_type=\"widget\" data-e-type=\"widget\" data-widget_type=\"image.default\">\n\t\t\t\t<div class=\"elementor-widget-container\">\n\t\t\t\t\t\t\t\t\t\t\t\t\t\t\t<img loading=\"lazy\" decoding=\"async\" width=\"450\" height=\"300\" src=\"https:\/\/www.carmaxrentacar.com\/guayaquil\/wp-content\/uploads\/2024\/04\/staria.jpg\" class=\"attachment-full size-full wp-image-6125\" alt=\"Alquiler de Furgonetas en Guayaquil\" srcset=\"https:\/\/www.carmaxrentacar.com\/guayaquil\/wp-content\/uploads\/2024\/04\/staria.jpg 450w, https:\/\/www.carmaxrentacar.com\/guayaquil\/wp-content\/uploads\/2024\/04\/staria-300x200.jpg 300w\" sizes=\"(max-width: 450px) 100vw, 450px\" title=\"\">\t\t\t\t\t\t\t\t\t\t\t\t\t\t\t<\/div>\n\t\t\t\t<\/div>\n\t\t\t\t<\/div>\n\t\t\t\t<\/div>\n\t\t\t\t\t<\/div>\n\t\t\t\t<\/div>\n\t\t<div class=\"elementor-element elementor-element-b294d4c e-flex e-con-boxed e-con e-parent\" data-id=\"b294d4c\" data-element_type=\"container\" data-e-type=\"container\">\n\t\t\t\t\t<div class=\"e-con-inner\">\n\t\t\t\t<div class=\"elementor-element elementor-element-45a3b28 elementor-widget elementor-widget-heading\" data-id=\"45a3b28\" data-element_type=\"widget\" data-e-type=\"widget\" data-widget_type=\"heading.default\">\n\t\t\t\t<div class=\"elementor-widget-container\">\n\t\t\t\t\t<h3 class=\"elementor-heading-title elementor-size-default\">Alquiler de furgonetas precios Guayaquil<\/h3>\t\t\t\t<\/div>\n\t\t\t\t<\/div>\n\t\t\t\t<div class=\"elementor-element elementor-element-a35948a elementor-widget elementor-widget-heading\" data-id=\"a35948a\" data-element_type=\"widget\" data-e-type=\"widget\" data-widget_type=\"heading.default\">\n\t\t\t\t<div class=\"elementor-widget-container\">\n\t\t\t\t\t<span class=\"elementor-heading-title elementor-size-default\">La Mejor Tarifa con Carmax\n<\/span>\t\t\t\t<\/div>\n\t\t\t\t<\/div>\n\t\t<div class=\"elementor-element elementor-element-faf4c63 e-con-full e-flex e-con e-child\" data-id=\"faf4c63\" data-element_type=\"container\" data-e-type=\"container\">\n\t\t<div class=\"elementor-element elementor-element-0727beb e-con-full e-flex e-con e-child\" data-id=\"0727beb\" data-element_type=\"container\" data-e-type=\"container\">\n\t\t\t\t<div class=\"elementor-element elementor-element-4c64f96 elementor-widget elementor-widget-text-editor\" data-id=\"4c64f96\" data-element_type=\"widget\" data-e-type=\"widget\" data-widget_type=\"text-editor.default\">\n\t\t\t\t<div class=\"elementor-widget-container\">\n\t\t\t\t\t\t\t\t\t<p>En Carmax, entendemos la importancia de un presupuesto claro. Por eso, te ofrecemos transparencia en el alquiler de furgonetas precios Guayaquil. Consulta nuestras competitivas tarifas para la <b>Hyundai Staria<\/b> y <b>sorpr\u00e9ndete con lo accesible que es viajar con estilo y confort<\/b>. Adem\u00e1s de un precio atractivo, la Staria te brinda seguridad con sus airbags para conductor y pasajero, frenos ABS, Control Electr\u00f3nico de Estabilidad (ESC) y Asistente de Arranque en Pendiente (HAC). Olv\u00eddate de las complicaciones y enf\u00f3cate en disfrutar tu viaje.<\/p>\t\t\t\t\t\t\t\t<\/div>\n\t\t\t\t<\/div>\n\t\t<div class=\"elementor-element elementor-element-8f000d6 e-con-full e-flex e-con e-child\" data-id=\"8f000d6\" data-element_type=\"container\" data-e-type=\"container\">\n\t\t\t\t<div class=\"elementor-element elementor-element-445dffa elementor-view-default elementor-widget elementor-widget-icon\" data-id=\"445dffa\" data-element_type=\"widget\" data-e-type=\"widget\" data-widget_type=\"icon.default\">\n\t\t\t\t<div class=\"elementor-widget-container\">\n\t\t\t\t\t\t\t<div class=\"elementor-icon-wrapper\">\n\t\t\t<div class=\"elementor-icon\">\n\t\t\t<i aria-hidden=\"true\" class=\"fas fa-info-circle\"><\/i>\t\t\t<\/div>\n\t\t<\/div>\n\t\t\t\t\t\t<\/div>\n\t\t\t\t<\/div>\n\t\t\t\t<div class=\"elementor-element elementor-element-874dca1 elementor-widget elementor-widget-heading\" data-id=\"874dca1\" data-element_type=\"widget\" data-e-type=\"widget\" data-widget_type=\"heading.default\">\n\t\t\t\t<div class=\"elementor-widget-container\">\n\t\t\t\t\t<span class=\"elementor-heading-title elementor-size-default\">Alquiler m\u00ednimo 3 d\u00edas<\/span>\t\t\t\t<\/div>\n\t\t\t\t<\/div>\n\t\t\t\t<\/div>\n\t\t\t\t<div class=\"elementor-element elementor-element-b3beeea elementor-align-left animated-fast elementor-invisible elementor-widget elementor-widget-button\" data-id=\"b3beeea\" data-element_type=\"widget\" data-e-type=\"widget\" data-settings=\"{&quot;_animation&quot;:&quot;headShake&quot;,&quot;_animation_delay&quot;:300}\" data-widget_type=\"button.default\">\n\t\t\t\t<div class=\"elementor-widget-container\">\n\t\t\t\t\t\t\t\t\t<div class=\"elementor-button-wrapper\">\n\t\t\t\t\t<a class=\"elementor-button elementor-button-link elementor-size-sm elementor-animation-push\" href=\"https:\/\/api.whatsapp.com\/send?phone=593999616161&#038;text=%5BSW%5D%20Hola%20Carmax,%20deseo%20rentar%20el%20Nuevo%20*Hyundai%20Staria*%20...\" target=\"_blank\" rel=\"noopener\">\n\t\t\t\t\t\t<span class=\"elementor-button-content-wrapper\">\n\t\t\t\t\t\t<span class=\"elementor-button-icon\">\n\t\t\t\t<i aria-hidden=\"true\" class=\"fab fa-whatsapp\"><\/i>\t\t\t<\/span>\n\t\t\t\t\t\t\t\t\t<span class=\"elementor-button-text\">Reserva Hyundai Staria<\/span>\n\t\t\t\t\t<\/span>\n\t\t\t\t\t<\/a>\n\t\t\t\t<\/div>\n\t\t\t\t\t\t\t\t<\/div>\n\t\t\t\t<\/div>\n\t\t\t\t<\/div>\n\t\t<div class=\"elementor-element elementor-element-94af45b e-con-full e-flex e-con e-child\" data-id=\"94af45b\" data-element_type=\"container\" data-e-type=\"container\">\n\t\t\t\t<div class=\"elementor-element elementor-element-2d1a87e elementor-widget elementor-widget-image\" data-id=\"2d1a87e\" data-element_type=\"widget\" data-e-type=\"widget\" data-widget_type=\"image.default\">\n\t\t\t\t<div class=\"elementor-widget-container\">\n\t\t\t\t\t\t\t\t\t\t\t\t\t\t\t<img loading=\"lazy\" decoding=\"async\" width=\"800\" height=\"500\" src=\"https:\/\/www.carmaxrentacar.com\/guayaquil\/wp-content\/uploads\/2023\/04\/staria-hyundai-1.png\" class=\"attachment-full size-full wp-image-5432\" alt=\"Alquiler de Furgonetas en Guayaquil\" srcset=\"https:\/\/www.carmaxrentacar.com\/guayaquil\/wp-content\/uploads\/2023\/04\/staria-hyundai-1.png 800w, https:\/\/www.carmaxrentacar.com\/guayaquil\/wp-content\/uploads\/2023\/04\/staria-hyundai-1-300x188.png 300w, https:\/\/www.carmaxrentacar.com\/guayaquil\/wp-content\/uploads\/2023\/04\/staria-hyundai-1-768x480.png 768w\" sizes=\"(max-width: 800px) 100vw, 800px\" title=\"\">\t\t\t\t\t\t\t\t\t\t\t\t\t\t\t<\/div>\n\t\t\t\t<\/div>\n\t\t\t\t<\/div>\n\t\t\t\t<\/div>\n\t\t\t\t\t<\/div>\n\t\t\t\t<\/div>\n\t\t<div class=\"elementor-element elementor-element-586768d e-flex e-con-boxed e-con e-parent\" data-id=\"586768d\" data-element_type=\"container\" data-e-type=\"container\" data-settings=\"{&quot;background_background&quot;:&quot;classic&quot;,&quot;shape_divider_top&quot;:&quot;pyramids&quot;}\">\n\t\t\t\t\t<div class=\"e-con-inner\">\n\t\t\t\t<div class=\"elementor-shape elementor-shape-top\" aria-hidden=\"true\" data-negative=\"false\">\n\t\t\t<svg xmlns=\"http:\/\/www.w3.org\/2000\/svg\" viewBox=\"0 0 1000 100\" preserveAspectRatio=\"none\">\n\t<path class=\"elementor-shape-fill\" d=\"M761.9,44.1L643.1,27.2L333.8,98L0,3.8V0l1000,0v3.9\"\/>\n<\/svg>\t\t<\/div>\n\t\t<div class=\"elementor-element elementor-element-80bbbca e-con-full e-flex e-con e-child\" data-id=\"80bbbca\" data-element_type=\"container\" data-e-type=\"container\">\n\t\t\t\t<div class=\"elementor-element elementor-element-8bd5c4a elementor-widget elementor-widget-heading\" data-id=\"8bd5c4a\" data-element_type=\"widget\" data-e-type=\"widget\" data-widget_type=\"heading.default\">\n\t\t\t\t<div class=\"elementor-widget-container\">\n\t\t\t\t\t<p class=\"elementor-heading-title elementor-size-large\">Equipamiento del veh\u00edculo\u200b<\/p>\t\t\t\t<\/div>\n\t\t\t\t<\/div>\n\t\t\t\t<div class=\"elementor-element elementor-element-0ae6e80 elementor-widget-divider--view-line elementor-widget elementor-widget-divider\" data-id=\"0ae6e80\" data-element_type=\"widget\" data-e-type=\"widget\" data-widget_type=\"divider.default\">\n\t\t\t\t<div class=\"elementor-widget-container\">\n\t\t\t\t\t\t\t<div class=\"elementor-divider\">\n\t\t\t<span class=\"elementor-divider-separator\">\n\t\t\t\t\t\t<\/span>\n\t\t<\/div>\n\t\t\t\t\t\t<\/div>\n\t\t\t\t<\/div>\n\t\t<div class=\"elementor-element elementor-element-5baf17b e-con-full e-flex e-con e-child\" data-id=\"5baf17b\" data-element_type=\"container\" data-e-type=\"container\">\n\t\t<div class=\"elementor-element elementor-element-203a5ae e-con-full e-flex e-con e-child\" data-id=\"203a5ae\" data-element_type=\"container\" data-e-type=\"container\">\n\t\t\t\t<div class=\"elementor-element elementor-element-04d4a8f elementor-widget elementor-widget-heading\" data-id=\"04d4a8f\" data-element_type=\"widget\" data-e-type=\"widget\" data-widget_type=\"heading.default\">\n\t\t\t\t<div class=\"elementor-widget-container\">\n\t\t\t\t\t<span class=\"elementor-heading-title elementor-size-default\"><i class=\"fa fa-snowflake-o\"><\/i> Aire acondicionado<\/span>\t\t\t\t<\/div>\n\t\t\t\t<\/div>\n\t\t\t\t<div class=\"elementor-element elementor-element-1cb2ba7 elementor-widget elementor-widget-heading\" data-id=\"1cb2ba7\" data-element_type=\"widget\" data-e-type=\"widget\" data-widget_type=\"heading.default\">\n\t\t\t\t<div class=\"elementor-widget-container\">\n\t\t\t\t\t<span class=\"elementor-heading-title elementor-size-default\"><img decoding=\"async\" src=\"https:\/\/www.carmaxrentacar.com\/guayaquil\/wp-content\/uploads\/2018\/03\/transmision-manual.png\" width=\"19px\" alt=\"\" title=\"\"> Transmisi\u00f3n <b>mec\u00e1nico\/manual<\/b><\/span>\t\t\t\t<\/div>\n\t\t\t\t<\/div>\n\t\t\t\t<div class=\"elementor-element elementor-element-c9c9811 elementor-widget elementor-widget-heading\" data-id=\"c9c9811\" data-element_type=\"widget\" data-e-type=\"widget\" data-widget_type=\"heading.default\">\n\t\t\t\t<div class=\"elementor-widget-container\">\n\t\t\t\t\t<span class=\"elementor-heading-title elementor-size-default\"><img decoding=\"async\" title=\"Puertas Incluidas en veh\u00edculos\" src=\"https:\/\/www.carmaxrentacar.com\/guayaquil\/wp-content\/uploads\/2018\/03\/door-cantidadd-puertas.svg\" alt=\"Icono Puertas de Auto\" width=\"19px\" \/> 5 Puertas<\/span>\t\t\t\t<\/div>\n\t\t\t\t<\/div>\n\t\t\t\t<div class=\"elementor-element elementor-element-44d9dd7 elementor-widget elementor-widget-heading\" data-id=\"44d9dd7\" data-element_type=\"widget\" data-e-type=\"widget\" data-widget_type=\"heading.default\">\n\t\t\t\t<div class=\"elementor-widget-container\">\n\t\t\t\t\t<span class=\"elementor-heading-title elementor-size-default\"><img decoding=\"async\" title=\"Motor icono svg\" src=\"https:\/\/www.carmaxrentacar.com\/guayaquil\/wp-content\/uploads\/2024\/10\/engine-motor-icon.svg\" alt=\"Icono Puertas de Auto\" width=\"23px\">&nbsp;Motor 2300 <b>Diesel<\/b><\/span>\t\t\t\t<\/div>\n\t\t\t\t<\/div>\n\t\t\t\t<div class=\"elementor-element elementor-element-630387d elementor-widget elementor-widget-heading\" data-id=\"630387d\" data-element_type=\"widget\" data-e-type=\"widget\" data-widget_type=\"heading.default\">\n\t\t\t\t<div class=\"elementor-widget-container\">\n\t\t\t\t\t<span class=\"elementor-heading-title elementor-size-default\"><i class=\"fa fa-check\" aria-hidden=\"true\"><\/i> Veh\u00edculo <strong>FULL<\/strong> Equipo<\/span>\t\t\t\t<\/div>\n\t\t\t\t<\/div>\n\t\t\t\t<\/div>\n\t\t<div class=\"elementor-element elementor-element-2118d40 e-con-full e-flex e-con e-child\" data-id=\"2118d40\" data-element_type=\"container\" data-e-type=\"container\">\n\t\t\t\t<div class=\"elementor-element elementor-element-d90e9d3 elementor-widget elementor-widget-heading\" data-id=\"d90e9d3\" data-element_type=\"widget\" data-e-type=\"widget\" data-widget_type=\"heading.default\">\n\t\t\t\t<div class=\"elementor-widget-container\">\n\t\t\t\t\t<span class=\"elementor-heading-title elementor-size-default\"><i class=\"fa fa-child\" aria-hidden=\"true\"><\/i> <span class=\"tomato\">11<\/span>&nbsp;pasajeros<\/span>\t\t\t\t<\/div>\n\t\t\t\t<\/div>\n\t\t\t\t<div class=\"elementor-element elementor-element-2f1b95a elementor-widget elementor-widget-heading\" data-id=\"2f1b95a\" data-element_type=\"widget\" data-e-type=\"widget\" data-widget_type=\"heading.default\">\n\t\t\t\t<div class=\"elementor-widget-container\">\n\t\t\t\t\t<span class=\"elementor-heading-title elementor-size-default\"><i class=\"fa fa-shopping-bag\" aria-hidden=\"true\"><\/i> 2\u00a0 Equipajes de mano<\/span>\t\t\t\t<\/div>\n\t\t\t\t<\/div>\n\t\t\t\t<\/div>\n\t\t\t\t<\/div>\n\t\t\t\t<\/div>\n\t\t\t\t\t<\/div>\n\t\t\t\t<\/div>\n\t\t<div class=\"elementor-element elementor-element-a994a50 e-flex e-con-boxed e-con e-parent\" data-id=\"a994a50\" data-element_type=\"container\" data-e-type=\"container\">\n\t\t\t\t\t<div class=\"e-con-inner\">\n\t\t\t\t<div class=\"elementor-element elementor-element-923941f elementor-widget elementor-widget-heading\" data-id=\"923941f\" data-element_type=\"widget\" data-e-type=\"widget\" data-widget_type=\"heading.default\">\n\t\t\t\t<div class=\"elementor-widget-container\">\n\t\t\t\t\t<h2 class=\"elementor-heading-title elementor-size-default\">Furgonetas de alquiler en Guayaquil <\/h2>\t\t\t\t<\/div>\n\t\t\t\t<\/div>\n\t\t\t\t<div class=\"elementor-element elementor-element-eed719a elementor-widget elementor-widget-heading\" data-id=\"eed719a\" data-element_type=\"widget\" data-e-type=\"widget\" data-widget_type=\"heading.default\">\n\t\t\t\t<div class=\"elementor-widget-container\">\n\t\t\t\t\t<span class=\"elementor-heading-title elementor-size-default\">Libertad y Flexibilidad a tu Alcance<\/span>\t\t\t\t<\/div>\n\t\t\t\t<\/div>\n\t\t<div class=\"elementor-element elementor-element-94665dd e-con-full e-flex e-con e-child\" data-id=\"94665dd\" data-element_type=\"container\" data-e-type=\"container\">\n\t\t<div class=\"elementor-element elementor-element-5abca84 e-con-full e-flex e-con e-child\" data-id=\"5abca84\" data-element_type=\"container\" data-e-type=\"container\">\n\t\t\t\t<div class=\"elementor-element elementor-element-258bd7d elementor-widget elementor-widget-text-editor\" data-id=\"258bd7d\" data-element_type=\"widget\" data-e-type=\"widget\" data-widget_type=\"text-editor.default\">\n\t\t\t\t<div class=\"elementor-widget-container\">\n\t\t\t\t\t\t\t\t\t<p>Para quienes buscan total autonom\u00eda, <b>Carmax ofrece furgonetas de alquiler en Guayaquil<\/b>. Toma el control de tu itinerario con la Hyundai Staria y explora Ecuador a tu propio ritmo. Te facilitamos el proceso para que puedas acceder al mejor servicio de alquiler de furgonetas. <b>La Staria no solo es espaciosa y segura, sino que tambi\u00e9n cuenta con c\u00e1mara de reversa <\/b>y m\u00faltiples puertos USB para mantener tus dispositivos cargados. <b>\u00a1Reserva hoy mismo tu Hyundai Staria en Carmax Rent a Car y vive una experiencia de alquiler superior!<\/b><\/p>\t\t\t\t\t\t\t\t<\/div>\n\t\t\t\t<\/div>\n\t\t\t\t<div class=\"elementor-element elementor-element-3fbd31c elementor-widget elementor-widget-template\" data-id=\"3fbd31c\" data-element_type=\"widget\" data-e-type=\"widget\" data-widget_type=\"template.default\">\n\t\t\t\t<div class=\"elementor-widget-container\">\n\t\t\t\t\t\t\t<div class=\"elementor-template\">\n\t\t\t\t\t<div data-elementor-type=\"section\" data-elementor-id=\"1895\" class=\"elementor elementor-1895\" data-elementor-post-type=\"elementor_library\">\n\t\t\t<div class=\"elementor-element elementor-element-866a985 e-flex e-con-boxed e-con e-parent\" data-id=\"866a985\" data-element_type=\"container\" data-e-type=\"container\">\n\t\t\t\t\t<div class=\"e-con-inner\">\n\t\t\t\t<div class=\"elementor-element elementor-element-2809328 elementor-align-center elementor-widget elementor-widget-button\" data-id=\"2809328\" data-element_type=\"widget\" data-e-type=\"widget\" data-widget_type=\"button.default\">\n\t\t\t\t<div class=\"elementor-widget-container\">\n\t\t\t\t\t\t\t\t\t<div class=\"elementor-button-wrapper\">\n\t\t\t\t\t<a class=\"elementor-button btwsp elementor-button-link elementor-size-sm elementor-animation-pop\" href=\"https:\/\/api.whatsapp.com\/send?phone=593999616161&#038;text=%7bC%7d%20Deseo%20rentar%20un%20auto\" target=\"_blank\" rel=\"nofollow noopener\">\n\t\t\t\t\t\t<span class=\"elementor-button-content-wrapper\">\n\t\t\t\t\t\t<span class=\"elementor-button-icon\">\n\t\t\t\t<i aria-hidden=\"true\" class=\"fab fa-whatsapp\"><\/i>\t\t\t<\/span>\n\t\t\t\t\t\t\t\t\t<span class=\"elementor-button-text\">Reserva V\u00eda WhatsApp<\/span>\n\t\t\t\t\t<\/span>\n\t\t\t\t\t<\/a>\n\t\t\t\t<\/div>\n\t\t\t\t\t\t\t\t<\/div>\n\t\t\t\t<\/div>\n\t\t\t\t<div class=\"elementor-element elementor-element-77124b9 elementor-align-center elementor-mobile-align-center elementor-icon-list--layout-traditional elementor-list-item-link-full_width elementor-widget elementor-widget-icon-list\" data-id=\"77124b9\" data-element_type=\"widget\" data-e-type=\"widget\" data-widget_type=\"icon-list.default\">\n\t\t\t\t<div class=\"elementor-widget-container\">\n\t\t\t\t\t\t\t<ul class=\"elementor-icon-list-items\">\n\t\t\t\t\t\t\t<li class=\"elementor-icon-list-item\">\n\t\t\t\t\t\t\t\t\t\t\t<a href=\"https:\/\/api.whatsapp.com\/send?phone=593999616161&#038;text=%7bC%7d%20Deseo%20rentar%20un%20auto\" target=\"_blank\" class=\"btwsp\" rel=\"noopener\">\n\n\t\t\t\t\t\t\t\t\t\t\t\t<span class=\"elementor-icon-list-icon\">\n\t\t\t\t\t\t\t<i aria-hidden=\"true\" class=\"fas fa-caret-right\"><\/i>\t\t\t\t\t\t<\/span>\n\t\t\t\t\t\t\t\t\t\t<span class=\"elementor-icon-list-text\">0999 61 61 61<\/span>\n\t\t\t\t\t\t\t\t\t\t\t<\/a>\n\t\t\t\t\t\t\t\t\t<\/li>\n\t\t\t\t\t\t<\/ul>\n\t\t\t\t\t\t<\/div>\n\t\t\t\t<\/div>\n\t\t\t\t\t<\/div>\n\t\t\t\t<\/div>\n\t\t\t\t<\/div>\n\t\t\t\t<\/div>\n\t\t\t\t\t\t<\/div>\n\t\t\t\t<\/div>\n\t\t\t\t<\/div>\n\t\t<div class=\"elementor-element elementor-element-4be0dfb e-con-full e-flex e-con e-child\" data-id=\"4be0dfb\" data-element_type=\"container\" data-e-type=\"container\">\n\t\t\t\t<div class=\"elementor-element elementor-element-b70f669 elementor-widget elementor-widget-image\" data-id=\"b70f669\" data-element_type=\"widget\" data-e-type=\"widget\" data-widget_type=\"image.default\">\n\t\t\t\t<div class=\"elementor-widget-container\">\n\t\t\t\t\t\t\t\t\t\t\t\t\t\t\t<img loading=\"lazy\" decoding=\"async\" width=\"800\" height=\"500\" src=\"https:\/\/www.carmaxrentacar.com\/guayaquil\/wp-content\/uploads\/2023\/04\/staria-hyundai-1.png\" class=\"attachment-full size-full wp-image-5432\" alt=\"Alquiler de Furgonetas en Guayaquil\" srcset=\"https:\/\/www.carmaxrentacar.com\/guayaquil\/wp-content\/uploads\/2023\/04\/staria-hyundai-1.png 800w, https:\/\/www.carmaxrentacar.com\/guayaquil\/wp-content\/uploads\/2023\/04\/staria-hyundai-1-300x188.png 300w, https:\/\/www.carmaxrentacar.com\/guayaquil\/wp-content\/uploads\/2023\/04\/staria-hyundai-1-768x480.png 768w\" sizes=\"(max-width: 800px) 100vw, 800px\" title=\"\">\t\t\t\t\t\t\t\t\t\t\t\t\t\t\t<\/div>\n\t\t\t\t<\/div>\n\t\t\t\t<\/div>\n\t\t\t\t<\/div>\n\t\t\t\t\t<\/div>\n\t\t\t\t<\/div>\n\t\t<div class=\"elementor-element elementor-element-309983d e-flex e-con-boxed e-con e-parent\" data-id=\"309983d\" data-element_type=\"container\" data-e-type=\"container\" data-settings=\"{&quot;background_background&quot;:&quot;classic&quot;,&quot;shape_divider_top&quot;:&quot;pyramids&quot;}\">\n\t\t\t\t\t<div class=\"e-con-inner\">\n\t\t\t\t<div class=\"elementor-shape elementor-shape-top\" aria-hidden=\"true\" data-negative=\"false\">\n\t\t\t<svg xmlns=\"http:\/\/www.w3.org\/2000\/svg\" viewBox=\"0 0 1000 100\" preserveAspectRatio=\"none\">\n\t<path class=\"elementor-shape-fill\" d=\"M761.9,44.1L643.1,27.2L333.8,98L0,3.8V0l1000,0v3.9\"\/>\n<\/svg>\t\t<\/div>\n\t\t\t\t<div class=\"elementor-element elementor-element-24db468 elementor-widget elementor-widget-heading\" data-id=\"24db468\" data-element_type=\"widget\" data-e-type=\"widget\" data-widget_type=\"heading.default\">\n\t\t\t\t<div class=\"elementor-widget-container\">\n\t\t\t\t\t<span class=\"elementor-heading-title elementor-size-default\">HYUNDAI STARIA<\/span>\t\t\t\t<\/div>\n\t\t\t\t<\/div>\n\t\t\t\t<div class=\"elementor-element elementor-element-255932c elementor-widget elementor-widget-heading\" data-id=\"255932c\" data-element_type=\"widget\" data-e-type=\"widget\" data-widget_type=\"heading.default\">\n\t\t\t\t<div class=\"elementor-widget-container\">\n\t\t\t\t\t<span class=\"elementor-heading-title elementor-size-default\">$135 d\u00f3lares el d\u00eda<\/span>\t\t\t\t<\/div>\n\t\t\t\t<\/div>\n\t\t\t\t<div class=\"elementor-element elementor-element-d2b7d2e elementor-widget elementor-widget-heading\" data-id=\"d2b7d2e\" data-element_type=\"widget\" data-e-type=\"widget\" data-widget_type=\"heading.default\">\n\t\t\t\t<div class=\"elementor-widget-container\">\n\t\t\t\t\t<span class=\"elementor-heading-title elementor-size-default\">m\u00ednimo 3 d\u00edas de alquiler<\/span>\t\t\t\t<\/div>\n\t\t\t\t<\/div>\n\t\t\t\t\t<\/div>\n\t\t\t\t<\/div>\n\t\t<div class=\"elementor-element elementor-element-87838ea e-flex e-con-boxed e-con e-parent\" data-id=\"87838ea\" data-element_type=\"container\" data-e-type=\"container\" data-settings=\"{&quot;background_background&quot;:&quot;classic&quot;}\">\n\t\t\t\t\t<div class=\"e-con-inner\">\n\t\t<div class=\"elementor-element elementor-element-48e5b14 e-con-full e-flex e-con e-child\" data-id=\"48e5b14\" data-element_type=\"container\" data-e-type=\"container\">\n\t\t\t\t<div class=\"elementor-element elementor-element-04d4a39 elementor-widget elementor-widget-image\" data-id=\"04d4a39\" data-element_type=\"widget\" data-e-type=\"widget\" data-widget_type=\"image.default\">\n\t\t\t\t<div class=\"elementor-widget-container\">\n\t\t\t\t\t\t\t\t\t\t\t\t\t\t\t<img loading=\"lazy\" decoding=\"async\" width=\"450\" height=\"300\" src=\"https:\/\/www.carmaxrentacar.com\/guayaquil\/wp-content\/uploads\/2024\/04\/staria-gye.jpg\" class=\"attachment-full size-full wp-image-6126\" alt=\"Alquiler de Furgonetas en Guayaquil\" srcset=\"https:\/\/www.carmaxrentacar.com\/guayaquil\/wp-content\/uploads\/2024\/04\/staria-gye.jpg 450w, https:\/\/www.carmaxrentacar.com\/guayaquil\/wp-content\/uploads\/2024\/04\/staria-gye-300x200.jpg 300w\" sizes=\"(max-width: 450px) 100vw, 450px\" title=\"\">\t\t\t\t\t\t\t\t\t\t\t\t\t\t\t<\/div>\n\t\t\t\t<\/div>\n\t\t\t\t<\/div>\n\t\t<div class=\"elementor-element elementor-element-697230b e-con-full e-flex e-con e-child\" data-id=\"697230b\" data-element_type=\"container\" data-e-type=\"container\">\n\t\t\t\t<div class=\"elementor-element elementor-element-0d6734b elementor-widget elementor-widget-image\" data-id=\"0d6734b\" data-element_type=\"widget\" data-e-type=\"widget\" data-widget_type=\"image.default\">\n\t\t\t\t<div class=\"elementor-widget-container\">\n\t\t\t\t\t\t\t\t\t\t\t\t\t\t\t<img loading=\"lazy\" decoding=\"async\" width=\"450\" height=\"300\" src=\"https:\/\/www.carmaxrentacar.com\/guayaquil\/wp-content\/uploads\/2024\/04\/alquiler-de-staria.jpg\" class=\"attachment-full size-full wp-image-6124\" alt=\"Alquiler de Furgonetas en Guayaquil\" srcset=\"https:\/\/www.carmaxrentacar.com\/guayaquil\/wp-content\/uploads\/2024\/04\/alquiler-de-staria.jpg 450w, https:\/\/www.carmaxrentacar.com\/guayaquil\/wp-content\/uploads\/2024\/04\/alquiler-de-staria-300x200.jpg 300w\" sizes=\"(max-width: 450px) 100vw, 450px\" title=\"\">\t\t\t\t\t\t\t\t\t\t\t\t\t\t\t<\/div>\n\t\t\t\t<\/div>\n\t\t\t\t<\/div>\n\t\t<div class=\"elementor-element elementor-element-fcfa1b6 e-con-full e-flex e-con e-child\" data-id=\"fcfa1b6\" data-element_type=\"container\" data-e-type=\"container\">\n\t\t\t\t<div class=\"elementor-element elementor-element-d4aba17 elementor-widget elementor-widget-image\" data-id=\"d4aba17\" data-element_type=\"widget\" data-e-type=\"widget\" data-widget_type=\"image.default\">\n\t\t\t\t<div class=\"elementor-widget-container\">\n\t\t\t\t\t\t\t\t\t\t\t\t\t\t\t<img loading=\"lazy\" decoding=\"async\" width=\"450\" height=\"300\" src=\"https:\/\/www.carmaxrentacar.com\/guayaquil\/wp-content\/uploads\/2024\/04\/staria.jpg\" class=\"attachment-full size-full wp-image-6125\" alt=\"Alquiler de Furgonetas en Guayaquil\" srcset=\"https:\/\/www.carmaxrentacar.com\/guayaquil\/wp-content\/uploads\/2024\/04\/staria.jpg 450w, https:\/\/www.carmaxrentacar.com\/guayaquil\/wp-content\/uploads\/2024\/04\/staria-300x200.jpg 300w\" sizes=\"(max-width: 450px) 100vw, 450px\" title=\"\">\t\t\t\t\t\t\t\t\t\t\t\t\t\t\t<\/div>\n\t\t\t\t<\/div>\n\t\t\t\t<\/div>\n\t\t\t\t\t<\/div>\n\t\t\t\t<\/div>\n\t\t<div class=\"elementor-element elementor-element-ad9cb1c e-flex e-con-boxed e-con e-parent\" data-id=\"ad9cb1c\" data-element_type=\"container\" data-e-type=\"container\" data-settings=\"{&quot;background_background&quot;:&quot;classic&quot;}\">\n\t\t\t\t\t<div class=\"e-con-inner\">\n\t\t<div class=\"elementor-element elementor-element-78535b8 e-con-full e-flex e-con e-child\" data-id=\"78535b8\" data-element_type=\"container\" data-e-type=\"container\">\n\t\t\t\t<\/div>\n\t\t<div class=\"elementor-element elementor-element-f13bec4 e-con-full e-flex e-con e-child\" data-id=\"f13bec4\" data-element_type=\"container\" data-e-type=\"container\">\n\t\t\t\t<div class=\"elementor-element elementor-element-f20612d elementor-widget elementor-widget-heading\" data-id=\"f20612d\" data-element_type=\"widget\" data-e-type=\"widget\" data-widget_type=\"heading.default\">\n\t\t\t\t<div class=\"elementor-widget-container\">\n\t\t\t\t\t<span class=\"elementor-heading-title elementor-size-default\">Alquiler de FURGONETAS\u00a0Guayaquil<\/span>\t\t\t\t<\/div>\n\t\t\t\t<\/div>\n\t\t\t\t<div class=\"elementor-element elementor-element-3c1c6cb elementor-widget elementor-widget-template\" data-id=\"3c1c6cb\" data-element_type=\"widget\" data-e-type=\"widget\" data-widget_type=\"template.default\">\n\t\t\t\t<div class=\"elementor-widget-container\">\n\t\t\t\t\t\t\t<div class=\"elementor-template\">\n\t\t\t\t\t<div data-elementor-type=\"section\" data-elementor-id=\"1895\" class=\"elementor elementor-1895\" data-elementor-post-type=\"elementor_library\">\n\t\t\t<div class=\"elementor-element elementor-element-866a985 e-flex e-con-boxed e-con e-parent\" data-id=\"866a985\" data-element_type=\"container\" data-e-type=\"container\">\n\t\t\t\t\t<div class=\"e-con-inner\">\n\t\t\t\t<div class=\"elementor-element elementor-element-2809328 elementor-align-center elementor-widget elementor-widget-button\" data-id=\"2809328\" data-element_type=\"widget\" data-e-type=\"widget\" data-widget_type=\"button.default\">\n\t\t\t\t<div class=\"elementor-widget-container\">\n\t\t\t\t\t\t\t\t\t<div class=\"elementor-button-wrapper\">\n\t\t\t\t\t<a class=\"elementor-button btwsp elementor-button-link elementor-size-sm elementor-animation-pop\" href=\"https:\/\/api.whatsapp.com\/send?phone=593999616161&#038;text=%7bC%7d%20Deseo%20rentar%20un%20auto\" target=\"_blank\" rel=\"nofollow noopener\">\n\t\t\t\t\t\t<span class=\"elementor-button-content-wrapper\">\n\t\t\t\t\t\t<span class=\"elementor-button-icon\">\n\t\t\t\t<i aria-hidden=\"true\" class=\"fab fa-whatsapp\"><\/i>\t\t\t<\/span>\n\t\t\t\t\t\t\t\t\t<span class=\"elementor-button-text\">Reserva V\u00eda WhatsApp<\/span>\n\t\t\t\t\t<\/span>\n\t\t\t\t\t<\/a>\n\t\t\t\t<\/div>\n\t\t\t\t\t\t\t\t<\/div>\n\t\t\t\t<\/div>\n\t\t\t\t<div class=\"elementor-element elementor-element-77124b9 elementor-align-center elementor-mobile-align-center elementor-icon-list--layout-traditional elementor-list-item-link-full_width elementor-widget elementor-widget-icon-list\" data-id=\"77124b9\" data-element_type=\"widget\" data-e-type=\"widget\" data-widget_type=\"icon-list.default\">\n\t\t\t\t<div class=\"elementor-widget-container\">\n\t\t\t\t\t\t\t<ul class=\"elementor-icon-list-items\">\n\t\t\t\t\t\t\t<li class=\"elementor-icon-list-item\">\n\t\t\t\t\t\t\t\t\t\t\t<a href=\"https:\/\/api.whatsapp.com\/send?phone=593999616161&#038;text=%7bC%7d%20Deseo%20rentar%20un%20auto\" target=\"_blank\" class=\"btwsp\" rel=\"noopener\">\n\n\t\t\t\t\t\t\t\t\t\t\t\t<span class=\"elementor-icon-list-icon\">\n\t\t\t\t\t\t\t<i aria-hidden=\"true\" class=\"fas fa-caret-right\"><\/i>\t\t\t\t\t\t<\/span>\n\t\t\t\t\t\t\t\t\t\t<span class=\"elementor-icon-list-text\">0999 61 61 61<\/span>\n\t\t\t\t\t\t\t\t\t\t\t<\/a>\n\t\t\t\t\t\t\t\t\t<\/li>\n\t\t\t\t\t\t<\/ul>\n\t\t\t\t\t\t<\/div>\n\t\t\t\t<\/div>\n\t\t\t\t\t<\/div>\n\t\t\t\t<\/div>\n\t\t\t\t<\/div>\n\t\t\t\t<\/div>\n\t\t\t\t\t\t<\/div>\n\t\t\t\t<\/div>\n\t\t\t\t<\/div>\n\t\t<div class=\"elementor-element elementor-element-9696657 e-con-full e-flex e-con e-child\" data-id=\"9696657\" data-element_type=\"container\" data-e-type=\"container\">\n\t\t\t\t<\/div>\n\t\t\t\t\t<\/div>\n\t\t\t\t<\/div>\n\t\t<div class=\"elementor-element elementor-element-deeb4d9 e-flex e-con-boxed e-con e-parent\" data-id=\"deeb4d9\" data-element_type=\"container\" data-e-type=\"container\">\n\t\t\t\t\t<div class=\"e-con-inner\">\n\t\t\t\t<div class=\"elementor-element elementor-element-2756b96 elementor-widget elementor-widget-heading\" data-id=\"2756b96\" data-element_type=\"widget\" data-e-type=\"widget\" data-widget_type=\"heading.default\">\n\t\t\t\t<div class=\"elementor-widget-container\">\n\t\t\t\t\t<span class=\"elementor-heading-title elementor-size-default\">Alquiler de Furgonetas Jac Sunray - 12 pasajeros<\/span>\t\t\t\t<\/div>\n\t\t\t\t<\/div>\n\t\t\t\t\t<\/div>\n\t\t\t\t<\/div>\n\t\t<div class=\"elementor-element elementor-element-f8c06c4 e-flex e-con-boxed e-con e-parent\" data-id=\"f8c06c4\" data-element_type=\"container\" data-e-type=\"container\">\n\t\t\t\t\t<div class=\"e-con-inner\">\n\t\t\t\t<div class=\"elementor-element elementor-element-4a32f9c elementor-widget elementor-widget-image\" data-id=\"4a32f9c\" data-element_type=\"widget\" data-e-type=\"widget\" data-widget_type=\"image.default\">\n\t\t\t\t<div class=\"elementor-widget-container\">\n\t\t\t\t\t\t\t\t\t\t\t\t\t\t\t<img loading=\"lazy\" decoding=\"async\" width=\"723\" height=\"526\" src=\"https:\/\/www.carmaxrentacar.com\/guayaquil\/wp-content\/uploads\/2025\/05\/rac-sunray-ec.jpg\" class=\"attachment-full size-full wp-image-8703\" alt=\"alquiler de furonetas jac sunray guayaquil\" srcset=\"https:\/\/www.carmaxrentacar.com\/guayaquil\/wp-content\/uploads\/2025\/05\/rac-sunray-ec.jpg 723w, https:\/\/www.carmaxrentacar.com\/guayaquil\/wp-content\/uploads\/2025\/05\/rac-sunray-ec-300x218.jpg 300w\" sizes=\"(max-width: 723px) 100vw, 723px\" title=\"\">\t\t\t\t\t\t\t\t\t\t\t\t\t\t\t<\/div>\n\t\t\t\t<\/div>\n\t\t\t\t<div class=\"elementor-element elementor-element-5a24e2f elementor-widget elementor-widget-image\" data-id=\"5a24e2f\" data-element_type=\"widget\" data-e-type=\"widget\" data-widget_type=\"image.default\">\n\t\t\t\t<div class=\"elementor-widget-container\">\n\t\t\t\t\t\t\t\t\t\t\t\t\t\t\t<img loading=\"lazy\" decoding=\"async\" width=\"723\" height=\"526\" src=\"https:\/\/www.carmaxrentacar.com\/guayaquil\/wp-content\/uploads\/2025\/05\/rac-sunray-guayaquil.jpg\" class=\"attachment-full size-full wp-image-8705\" alt=\"alquiler de furonetas jac sunray guayaquil\" srcset=\"https:\/\/www.carmaxrentacar.com\/guayaquil\/wp-content\/uploads\/2025\/05\/rac-sunray-guayaquil.jpg 723w, https:\/\/www.carmaxrentacar.com\/guayaquil\/wp-content\/uploads\/2025\/05\/rac-sunray-guayaquil-300x218.jpg 300w\" sizes=\"(max-width: 723px) 100vw, 723px\" title=\"\">\t\t\t\t\t\t\t\t\t\t\t\t\t\t\t<\/div>\n\t\t\t\t<\/div>\n\t\t\t\t<div class=\"elementor-element elementor-element-e09a312 elementor-widget elementor-widget-image\" data-id=\"e09a312\" data-element_type=\"widget\" data-e-type=\"widget\" data-widget_type=\"image.default\">\n\t\t\t\t<div class=\"elementor-widget-container\">\n\t\t\t\t\t\t\t\t\t\t\t\t\t\t\t<img loading=\"lazy\" decoding=\"async\" width=\"723\" height=\"526\" src=\"https:\/\/www.carmaxrentacar.com\/guayaquil\/wp-content\/uploads\/2025\/05\/rac-sunray-ecuador.jpg\" class=\"attachment-full size-full wp-image-8704\" alt=\"alquiler de furonetas jac sunray guayaquil\" srcset=\"https:\/\/www.carmaxrentacar.com\/guayaquil\/wp-content\/uploads\/2025\/05\/rac-sunray-ecuador.jpg 723w, https:\/\/www.carmaxrentacar.com\/guayaquil\/wp-content\/uploads\/2025\/05\/rac-sunray-ecuador-300x218.jpg 300w\" sizes=\"(max-width: 723px) 100vw, 723px\" title=\"\">\t\t\t\t\t\t\t\t\t\t\t\t\t\t\t<\/div>\n\t\t\t\t<\/div>\n\t\t\t\t\t<\/div>\n\t\t\t\t<\/div>\n\t\t<div class=\"elementor-element elementor-element-fce7aff e-flex e-con-boxed e-con e-parent\" data-id=\"fce7aff\" data-element_type=\"container\" data-e-type=\"container\">\n\t\t\t\t\t<div class=\"e-con-inner\">\n\t\t<div class=\"elementor-element elementor-element-dee41a1 e-con-full e-flex e-con e-child\" data-id=\"dee41a1\" data-element_type=\"container\" data-e-type=\"container\">\n\t\t\t\t<div class=\"elementor-element elementor-element-24951bd elementor-widget elementor-widget-image\" data-id=\"24951bd\" data-element_type=\"widget\" data-e-type=\"widget\" data-widget_type=\"image.default\">\n\t\t\t\t<div class=\"elementor-widget-container\">\n\t\t\t\t\t\t\t\t\t\t\t\t\t\t\t<img loading=\"lazy\" decoding=\"async\" width=\"874\" height=\"515\" src=\"https:\/\/www.carmaxrentacar.com\/guayaquil\/wp-content\/uploads\/2025\/05\/jac-sunray-2025.jpg\" class=\"attachment-full size-full wp-image-8696\" alt=\"alquiler de furonetas jac sunray guayaquil\" srcset=\"https:\/\/www.carmaxrentacar.com\/guayaquil\/wp-content\/uploads\/2025\/05\/jac-sunray-2025.jpg 874w, https:\/\/www.carmaxrentacar.com\/guayaquil\/wp-content\/uploads\/2025\/05\/jac-sunray-2025-300x177.jpg 300w, https:\/\/www.carmaxrentacar.com\/guayaquil\/wp-content\/uploads\/2025\/05\/jac-sunray-2025-768x453.jpg 768w\" sizes=\"(max-width: 874px) 100vw, 874px\" title=\"\">\t\t\t\t\t\t\t\t\t\t\t\t\t\t\t<\/div>\n\t\t\t\t<\/div>\n\t\t\t\t<div class=\"elementor-element elementor-element-6a4c7bf elementor-widget elementor-widget-heading\" data-id=\"6a4c7bf\" data-element_type=\"widget\" data-e-type=\"widget\" data-widget_type=\"heading.default\">\n\t\t\t\t<div class=\"elementor-widget-container\">\n\t\t\t\t\t<h3 class=\"elementor-heading-title elementor-size-default\">Alquiler de Furgonetas JAC Sunray en Guayaquil<\/h3>\t\t\t\t<\/div>\n\t\t\t\t<\/div>\n\t\t\t\t<div class=\"elementor-element elementor-element-72e9d9d elementor-widget elementor-widget-heading\" data-id=\"72e9d9d\" data-element_type=\"widget\" data-e-type=\"widget\" data-widget_type=\"heading.default\">\n\t\t\t\t<div class=\"elementor-widget-container\">\n\t\t\t\t\t<span class=\"elementor-heading-title elementor-size-default\">Espacio y Eficiencia para tus Grupos: <\/span>\t\t\t\t<\/div>\n\t\t\t\t<\/div>\n\t\t\t\t<div class=\"elementor-element elementor-element-63d7025 elementor-widget elementor-widget-text-editor\" data-id=\"63d7025\" data-element_type=\"widget\" data-e-type=\"widget\" data-widget_type=\"text-editor.default\">\n\t\t\t\t<div class=\"elementor-widget-container\">\n\t\t\t\t\t\t\t\t\t<p>Si buscas una soluci\u00f3n de transporte espaciosa y confiable para grupos grandes, Carmax Rent a Car te ofrece el Alquiler de Furgonetas en Guayaquil con la vers\u00e1til JAC Sunray. <b>Este modelo es perfecto para excursiones, traslados de personal o cualquier evento que requiera movilizar hasta 11 pasajeros<\/b> (10+1) con comodidad. La JAC Sunray est\u00e1 equipada con un eficiente motor di\u00e9sel de 2.746 cc y transmisi\u00f3n manual, asegurando un rendimiento \u00f3ptimo para tus recorridos. Disfruta de un ambiente agradable gracias a su <b>aire acondicionado con salidas traseras en el techo y asientos con tapicer\u00eda <\/b>en Eco Cuero. \u00a0<\/p>\t\t\t\t\t\t\t\t<\/div>\n\t\t\t\t<\/div>\n\t\t\t\t<div class=\"elementor-element elementor-element-2a094be elementor-widget elementor-widget-heading\" data-id=\"2a094be\" data-element_type=\"widget\" data-e-type=\"widget\" data-widget_type=\"heading.default\">\n\t\t\t\t<div class=\"elementor-widget-container\">\n\t\t\t\t\t<span class=\"elementor-heading-title elementor-size-default\">M\u00ednimo 3 d\u00edas de alquiler<\/span>\t\t\t\t<\/div>\n\t\t\t\t<\/div>\n\t\t\t\t<div class=\"elementor-element elementor-element-e7ac8c7 elementor-widget elementor-widget-heading\" data-id=\"e7ac8c7\" data-element_type=\"widget\" data-e-type=\"widget\" data-widget_type=\"heading.default\">\n\t\t\t\t<div class=\"elementor-widget-container\">\n\t\t\t\t\t<span class=\"elementor-heading-title elementor-size-default\">Valor $145 diarios (por d\u00eda)<\/span>\t\t\t\t<\/div>\n\t\t\t\t<\/div>\n\t\t\t\t<div class=\"elementor-element elementor-element-6731bcc elementor-align-center animated-fast elementor-invisible elementor-widget elementor-widget-button\" data-id=\"6731bcc\" data-element_type=\"widget\" data-e-type=\"widget\" data-settings=\"{&quot;_animation&quot;:&quot;headShake&quot;,&quot;_animation_delay&quot;:300}\" data-widget_type=\"button.default\">\n\t\t\t\t<div class=\"elementor-widget-container\">\n\t\t\t\t\t\t\t\t\t<div class=\"elementor-button-wrapper\">\n\t\t\t\t\t<a class=\"elementor-button elementor-button-link elementor-size-sm elementor-animation-push\" href=\"https:\/\/api.whatsapp.com\/send?phone=593991790971&#038;text=Hola%20deseo%20rentar%20Buseta\" target=\"_blank\" rel=\"noopener\">\n\t\t\t\t\t\t<span class=\"elementor-button-content-wrapper\">\n\t\t\t\t\t\t<span class=\"elementor-button-icon\">\n\t\t\t\t<i aria-hidden=\"true\" class=\"fab fa-whatsapp\"><\/i>\t\t\t<\/span>\n\t\t\t\t\t\t\t\t\t<span class=\"elementor-button-text\">RESERVAR JAC AHORA<\/span>\n\t\t\t\t\t<\/span>\n\t\t\t\t\t<\/a>\n\t\t\t\t<\/div>\n\t\t\t\t\t\t\t\t<\/div>\n\t\t\t\t<\/div>\n\t\t\t\t<\/div>\n\t\t<div class=\"elementor-element elementor-element-572fadf e-con-full e-flex e-con e-child\" data-id=\"572fadf\" data-element_type=\"container\" data-e-type=\"container\">\n\t\t<div class=\"elementor-element elementor-element-10f26cd e-con-full e-flex e-con e-child\" data-id=\"10f26cd\" data-element_type=\"container\" data-e-type=\"container\">\n\t\t\t\t<div class=\"elementor-element elementor-element-cb6f181 elementor-widget elementor-widget-heading\" data-id=\"cb6f181\" data-element_type=\"widget\" data-e-type=\"widget\" data-widget_type=\"heading.default\">\n\t\t\t\t<div class=\"elementor-widget-container\">\n\t\t\t\t\t<span class=\"elementor-heading-title elementor-size-default\">Renta <b>m\u00ednimo 3 d\u00edas:<\/b> <br>$435 (total de tres d\u00edas).<\/span>\t\t\t\t<\/div>\n\t\t\t\t<\/div>\n\t\t\t\t<div class=\"elementor-element elementor-element-ad7b696 elementor-widget elementor-widget-text-editor\" data-id=\"ad7b696\" data-element_type=\"widget\" data-e-type=\"widget\" data-widget_type=\"text-editor.default\">\n\t\t\t\t<div class=\"elementor-widget-container\">\n\t\t\t\t\t\t\t\t\t<p><b>Requisitos<\/b>:<\/p><p><img decoding=\"async\" class=\"emoji\" role=\"img\" draggable=\"false\" src=\"https:\/\/s.w.org\/images\/core\/emoji\/15.0.3\/svg\/1f539.svg\" alt=\"\ud83d\udd39\" title=\"\">\u00a0Garant\u00eda accidentes $2000 voucher tarjeta de cr\u00e9dito<br \/><img decoding=\"async\" class=\"emoji\" role=\"img\" draggable=\"false\" src=\"https:\/\/s.w.org\/images\/core\/emoji\/15.0.3\/svg\/1f539.svg\" alt=\"\ud83d\udd39\" title=\"\">\u00a0Garant\u00eda de $180 para multas (devuelto en 29 d\u00edas)<br \/><img decoding=\"async\" class=\"emoji\" role=\"img\" draggable=\"false\" src=\"https:\/\/s.w.org\/images\/core\/emoji\/15.0.3\/svg\/1f539.svg\" alt=\"\ud83d\udd39\" title=\"\">\u00a0Pasaporte o c\u00e9dula<br \/><img decoding=\"async\" class=\"emoji\" role=\"img\" draggable=\"false\" src=\"https:\/\/s.w.org\/images\/core\/emoji\/15.0.3\/svg\/1f539.svg\" alt=\"\ud83d\udd39\" title=\"\"> Licencia de conducir vigente<\/p>\t\t\t\t\t\t\t\t<\/div>\n\t\t\t\t<\/div>\n\t\t\t\t<div class=\"elementor-element elementor-element-a999919 elementor-widget elementor-widget-text-editor\" data-id=\"a999919\" data-element_type=\"widget\" data-e-type=\"widget\" data-widget_type=\"text-editor.default\">\n\t\t\t\t<div class=\"elementor-widget-container\">\n\t\t\t\t\t\t\t\t\t<p><b>Incluye<\/b>:<\/p><p><img decoding=\"async\" class=\"emoji\" role=\"img\" draggable=\"false\" src=\"https:\/\/s.w.org\/images\/core\/emoji\/15.0.3\/svg\/1f539.svg\" alt=\"\ud83d\udd39\" title=\"\"> Kilometraje o millas libres.<br \/><img decoding=\"async\" class=\"emoji\" role=\"img\" draggable=\"false\" src=\"https:\/\/s.w.org\/images\/core\/emoji\/15.0.3\/svg\/1f539.svg\" alt=\"\ud83d\udd39\" title=\"\"> Seguro b\u00e1sico.<br \/><img decoding=\"async\" class=\"emoji\" role=\"img\" draggable=\"false\" src=\"https:\/\/s.w.org\/images\/core\/emoji\/15.0.3\/svg\/1f539.svg\" alt=\"\ud83d\udd39\" title=\"\"> Rastreo Satelital<br \/><img decoding=\"async\" class=\"emoji\" role=\"img\" draggable=\"false\" src=\"https:\/\/s.w.org\/images\/core\/emoji\/15.0.3\/svg\/1f539.svg\" alt=\"\ud83d\udd39\" title=\"\"> Asistencia 24\/7<br \/><img decoding=\"async\" class=\"emoji\" role=\"img\" draggable=\"false\" src=\"https:\/\/s.w.org\/images\/core\/emoji\/15.0.3\/svg\/1f539.svg\" alt=\"\ud83d\udd39\" title=\"\"> Recepci\u00f3n en Aeropuerto (GYE)<br \/><img decoding=\"async\" class=\"emoji\" role=\"img\" draggable=\"false\" src=\"https:\/\/s.w.org\/images\/core\/emoji\/15.0.3\/svg\/1f539.svg\" alt=\"\ud83d\udd39\" title=\"\"> Sin recargo sorpresa<\/p>\t\t\t\t\t\t\t\t<\/div>\n\t\t\t\t<\/div>\n\t\t\t\t<\/div>\n\t\t\t\t<\/div>\n\t\t\t\t\t<\/div>\n\t\t\t\t<\/div>\n\t\t<div class=\"elementor-element elementor-element-34e42e7 e-flex e-con-boxed e-con e-parent\" data-id=\"34e42e7\" data-element_type=\"container\" data-e-type=\"container\" data-settings=\"{&quot;background_background&quot;:&quot;classic&quot;,&quot;shape_divider_top&quot;:&quot;pyramids&quot;}\">\n\t\t\t\t\t<div class=\"e-con-inner\">\n\t\t\t\t<div class=\"elementor-shape elementor-shape-top\" aria-hidden=\"true\" data-negative=\"false\">\n\t\t\t<svg xmlns=\"http:\/\/www.w3.org\/2000\/svg\" viewBox=\"0 0 1000 100\" preserveAspectRatio=\"none\">\n\t<path class=\"elementor-shape-fill\" d=\"M761.9,44.1L643.1,27.2L333.8,98L0,3.8V0l1000,0v3.9\"\/>\n<\/svg>\t\t<\/div>\n\t\t<div class=\"elementor-element elementor-element-21e7b79 e-con-full e-flex e-con e-child\" data-id=\"21e7b79\" data-element_type=\"container\" data-e-type=\"container\">\n\t\t\t\t<div class=\"elementor-element elementor-element-593ac49 elementor-widget elementor-widget-heading\" data-id=\"593ac49\" data-element_type=\"widget\" data-e-type=\"widget\" data-widget_type=\"heading.default\">\n\t\t\t\t<div class=\"elementor-widget-container\">\n\t\t\t\t\t<p class=\"elementor-heading-title elementor-size-default\">Equipamiento del veh\u00edculo\u200b<\/p>\t\t\t\t<\/div>\n\t\t\t\t<\/div>\n\t\t\t\t<div class=\"elementor-element elementor-element-08813ce elementor-widget-divider--view-line elementor-widget elementor-widget-divider\" data-id=\"08813ce\" data-element_type=\"widget\" data-e-type=\"widget\" data-widget_type=\"divider.default\">\n\t\t\t\t<div class=\"elementor-widget-container\">\n\t\t\t\t\t\t\t<div class=\"elementor-divider\">\n\t\t\t<span class=\"elementor-divider-separator\">\n\t\t\t\t\t\t<\/span>\n\t\t<\/div>\n\t\t\t\t\t\t<\/div>\n\t\t\t\t<\/div>\n\t\t<div class=\"elementor-element elementor-element-1effba9 e-con-full e-flex e-con e-child\" data-id=\"1effba9\" data-element_type=\"container\" data-e-type=\"container\">\n\t\t<div class=\"elementor-element elementor-element-102f320 e-con-full e-flex e-con e-child\" data-id=\"102f320\" data-element_type=\"container\" data-e-type=\"container\">\n\t\t\t\t<div class=\"elementor-element elementor-element-a42a035 elementor-widget elementor-widget-heading\" data-id=\"a42a035\" data-element_type=\"widget\" data-e-type=\"widget\" data-widget_type=\"heading.default\">\n\t\t\t\t<div class=\"elementor-widget-container\">\n\t\t\t\t\t<span class=\"elementor-heading-title elementor-size-default\"><i class=\"fa fa-snowflake-o\"><\/i> Aire acondicionado<\/span>\t\t\t\t<\/div>\n\t\t\t\t<\/div>\n\t\t\t\t<div class=\"elementor-element elementor-element-95f9044 elementor-widget elementor-widget-heading\" data-id=\"95f9044\" data-element_type=\"widget\" data-e-type=\"widget\" data-widget_type=\"heading.default\">\n\t\t\t\t<div class=\"elementor-widget-container\">\n\t\t\t\t\t<span class=\"elementor-heading-title elementor-size-default\"><img decoding=\"async\" src=\"https:\/\/www.carmaxrentacar.com\/guayaquil\/wp-content\/uploads\/2018\/03\/transmision-manual.png\" width=\"19px\" alt=\"\" title=\"\"> Transmisi\u00f3n <b>mec\u00e1nico\/manual<\/b><\/span>\t\t\t\t<\/div>\n\t\t\t\t<\/div>\n\t\t\t\t<div class=\"elementor-element elementor-element-0a5e6a7 elementor-widget elementor-widget-heading\" data-id=\"0a5e6a7\" data-element_type=\"widget\" data-e-type=\"widget\" data-widget_type=\"heading.default\">\n\t\t\t\t<div class=\"elementor-widget-container\">\n\t\t\t\t\t<span class=\"elementor-heading-title elementor-size-default\"><img decoding=\"async\" title=\"Puertas Incluidas en veh\u00edculos\" src=\"https:\/\/www.carmaxrentacar.com\/guayaquil\/wp-content\/uploads\/2018\/03\/door-cantidadd-puertas.svg\" alt=\"Icono Puertas de Auto\" width=\"19px\" \/> 5 Puertas<\/span>\t\t\t\t<\/div>\n\t\t\t\t<\/div>\n\t\t\t\t<div class=\"elementor-element elementor-element-38f40f4 elementor-widget elementor-widget-heading\" data-id=\"38f40f4\" data-element_type=\"widget\" data-e-type=\"widget\" data-widget_type=\"heading.default\">\n\t\t\t\t<div class=\"elementor-widget-container\">\n\t\t\t\t\t<span class=\"elementor-heading-title elementor-size-default\"><img decoding=\"async\" title=\"Motor icono svg\" src=\"https:\/\/www.carmaxrentacar.com\/guayaquil\/wp-content\/uploads\/2024\/10\/engine-motor-icon.svg\" alt=\"Icono Puertas de Auto\" width=\"23px\">&nbsp;Motor 2300 Diesel<\/span>\t\t\t\t<\/div>\n\t\t\t\t<\/div>\n\t\t\t\t<div class=\"elementor-element elementor-element-23bdbe2 elementor-widget elementor-widget-heading\" data-id=\"23bdbe2\" data-element_type=\"widget\" data-e-type=\"widget\" data-widget_type=\"heading.default\">\n\t\t\t\t<div class=\"elementor-widget-container\">\n\t\t\t\t\t<span class=\"elementor-heading-title elementor-size-default\"><i class=\"fa fa-check\" aria-hidden=\"true\"><\/i> Veh\u00edculo <strong>FULL<\/strong> Equipo<\/span>\t\t\t\t<\/div>\n\t\t\t\t<\/div>\n\t\t\t\t<\/div>\n\t\t<div class=\"elementor-element elementor-element-fbc457c e-con-full e-flex e-con e-child\" data-id=\"fbc457c\" data-element_type=\"container\" data-e-type=\"container\">\n\t\t\t\t<div class=\"elementor-element elementor-element-d4849e1 elementor-widget elementor-widget-heading\" data-id=\"d4849e1\" data-element_type=\"widget\" data-e-type=\"widget\" data-widget_type=\"heading.default\">\n\t\t\t\t<div class=\"elementor-widget-container\">\n\t\t\t\t\t<span class=\"elementor-heading-title elementor-size-default\"><i class=\"fa fa-child\" aria-hidden=\"true\"><\/i> <span class=\"tomato\">11<\/span>&nbsp;pasajeros<\/span>\t\t\t\t<\/div>\n\t\t\t\t<\/div>\n\t\t\t\t<div class=\"elementor-element elementor-element-215bee1 elementor-widget elementor-widget-heading\" data-id=\"215bee1\" data-element_type=\"widget\" data-e-type=\"widget\" data-widget_type=\"heading.default\">\n\t\t\t\t<div class=\"elementor-widget-container\">\n\t\t\t\t\t<span class=\"elementor-heading-title elementor-size-default\"><i class=\"fa fa-shopping-bag\" aria-hidden=\"true\"><\/i> 2\u00a0 Equipajes de mano<\/span>\t\t\t\t<\/div>\n\t\t\t\t<\/div>\n\t\t\t\t<div class=\"elementor-element elementor-element-f25a240 elementor-widget elementor-widget-heading\" data-id=\"f25a240\" data-element_type=\"widget\" data-e-type=\"widget\" data-widget_type=\"heading.default\">\n\t\t\t\t<div class=\"elementor-widget-container\">\n\t\t\t\t\t<span class=\"elementor-heading-title elementor-size-default\"><img decoding=\"async\" src=\"https:\/\/www.carmaxrentacar.com\/guayaquil\/wp-content\/uploads\/2024\/10\/ASIENTO-DE-CUERO-2.svg\" alt=\"asiento de cuero svg\" width=\"24\" title=\"\"> Asientos de cuero<\/span>\t\t\t\t<\/div>\n\t\t\t\t<\/div>\n\t\t\t\t<\/div>\n\t\t\t\t<\/div>\n\t\t\t\t<\/div>\n\t\t\t\t\t<\/div>\n\t\t\t\t<\/div>\n\t\t<div class=\"elementor-element elementor-element-5b5cb8d e-flex e-con-boxed e-con e-parent\" data-id=\"5b5cb8d\" data-element_type=\"container\" data-e-type=\"container\" data-settings=\"{&quot;background_background&quot;:&quot;classic&quot;}\">\n\t\t\t\t\t<div class=\"e-con-inner\">\n\t\t<div class=\"elementor-element elementor-element-b6a690c e-con-full e-flex e-con e-child\" data-id=\"b6a690c\" data-element_type=\"container\" data-e-type=\"container\">\n\t\t\t\t<div class=\"elementor-element elementor-element-8577e77 elementor-widget elementor-widget-text-editor\" data-id=\"8577e77\" data-element_type=\"widget\" data-e-type=\"widget\" data-widget_type=\"text-editor.default\">\n\t\t\t\t<div class=\"elementor-widget-container\">\n\t\t\t\t\t\t\t\t\t<p>RESERVA:<br \/>Alquiler de <b>furgonetas <\/b>Guayaquil <strong>por WhatsApp<\/strong><\/p>\t\t\t\t\t\t\t\t<\/div>\n\t\t\t\t<\/div>\n\t\t\t\t<div class=\"elementor-element elementor-element-6232a6a elementor-align-center animated-fast elementor-invisible elementor-widget elementor-widget-button\" data-id=\"6232a6a\" data-element_type=\"widget\" data-e-type=\"widget\" data-settings=\"{&quot;_animation&quot;:&quot;headShake&quot;,&quot;_animation_delay&quot;:300}\" data-widget_type=\"button.default\">\n\t\t\t\t<div class=\"elementor-widget-container\">\n\t\t\t\t\t\t\t\t\t<div class=\"elementor-button-wrapper\">\n\t\t\t\t\t<a class=\"elementor-button elementor-button-link elementor-size-sm elementor-animation-push\" href=\"https:\/\/api.whatsapp.com\/send?phone=593999616161&#038;text=Hola%20Carmax,%20necesito%20una%20Furgoneta%20Staria\" target=\"_blank\" rel=\"noopener\">\n\t\t\t\t\t\t<span class=\"elementor-button-content-wrapper\">\n\t\t\t\t\t\t<span class=\"elementor-button-icon\">\n\t\t\t\t<i aria-hidden=\"true\" class=\"fab fa-whatsapp\"><\/i>\t\t\t<\/span>\n\t\t\t\t\t\t\t\t\t<span class=\"elementor-button-text\">RESERVAR AHORA 099 61 61 61<\/span>\n\t\t\t\t\t<\/span>\n\t\t\t\t\t<\/a>\n\t\t\t\t<\/div>\n\t\t\t\t\t\t\t\t<\/div>\n\t\t\t\t<\/div>\n\t\t\t\t<\/div>\n\t\t\t\t\t<\/div>\n\t\t\t\t<\/div>\n\t\t<div class=\"elementor-element elementor-element-cc3186f e-flex e-con-boxed e-con e-parent\" data-id=\"cc3186f\" data-element_type=\"container\" data-e-type=\"container\">\n\t\t\t\t\t<div class=\"e-con-inner\">\n\t\t<div class=\"elementor-element elementor-element-9af62e6 e-con-full e-flex e-con e-child\" data-id=\"9af62e6\" data-element_type=\"container\" data-e-type=\"container\">\n\t\t\t\t<div class=\"elementor-element elementor-element-0067aaf elementor-widget elementor-widget-heading\" data-id=\"0067aaf\" data-element_type=\"widget\" data-e-type=\"widget\" data-widget_type=\"heading.default\">\n\t\t\t\t<div class=\"elementor-widget-container\">\n\t\t\t\t\t<h2 class=\"elementor-heading-title elementor-size-default\">Alquiler de busetas de 16 y 20 pasajeros en Guayaquil<\/h2>\t\t\t\t<\/div>\n\t\t\t\t<\/div>\n\t\t\t\t<div class=\"elementor-element elementor-element-5d2293e elementor-hidden-mobile elementor-widget elementor-widget-heading\" data-id=\"5d2293e\" data-element_type=\"widget\" data-e-type=\"widget\" data-widget_type=\"heading.default\">\n\t\t\t\t<div class=\"elementor-widget-container\">\n\t\t\t\t\t<h3 class=\"elementor-heading-title elementor-size-large\">Alquiler de buseta Mercedez  Sprinter<\/h3>\t\t\t\t<\/div>\n\t\t\t\t<\/div>\n\t\t<div class=\"elementor-element elementor-element-3f8b37c e-con-full e-flex e-con e-child\" data-id=\"3f8b37c\" data-element_type=\"container\" data-e-type=\"container\">\n\t\t\t\t<div class=\"elementor-element elementor-element-53e0818 elementor-widget elementor-widget-image\" data-id=\"53e0818\" data-element_type=\"widget\" data-e-type=\"widget\" data-widget_type=\"image.default\">\n\t\t\t\t<div class=\"elementor-widget-container\">\n\t\t\t\t\t\t\t\t\t\t\t\t\t\t\t<img loading=\"lazy\" decoding=\"async\" width=\"800\" height=\"800\" src=\"https:\/\/www.carmaxrentacar.com\/guayaquil\/wp-content\/uploads\/2025\/10\/furgoneta-de-alquiler-guayaquil-norte.webp\" class=\"attachment-full size-full wp-image-9406\" alt=\"furgoneta de alquiler guayaquil norte\" srcset=\"https:\/\/www.carmaxrentacar.com\/guayaquil\/wp-content\/uploads\/2025\/10\/furgoneta-de-alquiler-guayaquil-norte.webp 800w, https:\/\/www.carmaxrentacar.com\/guayaquil\/wp-content\/uploads\/2025\/10\/furgoneta-de-alquiler-guayaquil-norte-300x300.webp 300w, https:\/\/www.carmaxrentacar.com\/guayaquil\/wp-content\/uploads\/2025\/10\/furgoneta-de-alquiler-guayaquil-norte-150x150.webp 150w, https:\/\/www.carmaxrentacar.com\/guayaquil\/wp-content\/uploads\/2025\/10\/furgoneta-de-alquiler-guayaquil-norte-768x768.webp 768w\" sizes=\"(max-width: 800px) 100vw, 800px\" title=\"\">\t\t\t\t\t\t\t\t\t\t\t\t\t\t\t<\/div>\n\t\t\t\t<\/div>\n\t\t\t\t<div class=\"elementor-element elementor-element-8eb4d14 elementor-widget elementor-widget-image\" data-id=\"8eb4d14\" data-element_type=\"widget\" data-e-type=\"widget\" data-widget_type=\"image.default\">\n\t\t\t\t<div class=\"elementor-widget-container\">\n\t\t\t\t\t\t\t\t\t\t\t\t\t\t\t<img loading=\"lazy\" decoding=\"async\" width=\"800\" height=\"800\" src=\"https:\/\/www.carmaxrentacar.com\/guayaquil\/wp-content\/uploads\/2025\/10\/furgoneta-de-alquiler.webp\" class=\"attachment-full size-full wp-image-9408\" alt=\"furgoneta de alquiler\" srcset=\"https:\/\/www.carmaxrentacar.com\/guayaquil\/wp-content\/uploads\/2025\/10\/furgoneta-de-alquiler.webp 800w, https:\/\/www.carmaxrentacar.com\/guayaquil\/wp-content\/uploads\/2025\/10\/furgoneta-de-alquiler-300x300.webp 300w, https:\/\/www.carmaxrentacar.com\/guayaquil\/wp-content\/uploads\/2025\/10\/furgoneta-de-alquiler-150x150.webp 150w, https:\/\/www.carmaxrentacar.com\/guayaquil\/wp-content\/uploads\/2025\/10\/furgoneta-de-alquiler-768x768.webp 768w\" sizes=\"(max-width: 800px) 100vw, 800px\" title=\"\">\t\t\t\t\t\t\t\t\t\t\t\t\t\t\t<\/div>\n\t\t\t\t<\/div>\n\t\t\t\t<div class=\"elementor-element elementor-element-061b8b9 elementor-widget elementor-widget-image\" data-id=\"061b8b9\" data-element_type=\"widget\" data-e-type=\"widget\" data-widget_type=\"image.default\">\n\t\t\t\t<div class=\"elementor-widget-container\">\n\t\t\t\t\t\t\t\t\t\t\t\t\t\t\t<img loading=\"lazy\" decoding=\"async\" width=\"800\" height=\"800\" src=\"https:\/\/www.carmaxrentacar.com\/guayaquil\/wp-content\/uploads\/2025\/10\/furgoneta-de-alquiler-guayaquil.webp\" class=\"attachment-full size-full wp-image-9407\" alt=\"furgoneta de alquiler guayaquil\" srcset=\"https:\/\/www.carmaxrentacar.com\/guayaquil\/wp-content\/uploads\/2025\/10\/furgoneta-de-alquiler-guayaquil.webp 800w, https:\/\/www.carmaxrentacar.com\/guayaquil\/wp-content\/uploads\/2025\/10\/furgoneta-de-alquiler-guayaquil-300x300.webp 300w, https:\/\/www.carmaxrentacar.com\/guayaquil\/wp-content\/uploads\/2025\/10\/furgoneta-de-alquiler-guayaquil-150x150.webp 150w, https:\/\/www.carmaxrentacar.com\/guayaquil\/wp-content\/uploads\/2025\/10\/furgoneta-de-alquiler-guayaquil-768x768.webp 768w\" sizes=\"(max-width: 800px) 100vw, 800px\" title=\"\">\t\t\t\t\t\t\t\t\t\t\t\t\t\t\t<\/div>\n\t\t\t\t<\/div>\n\t\t\t\t<\/div>\n\t\t\t\t<div class=\"elementor-element elementor-element-4111d52 elementor-hidden-mobile elementor-widget elementor-widget-heading\" data-id=\"4111d52\" data-element_type=\"widget\" data-e-type=\"widget\" data-widget_type=\"heading.default\">\n\t\t\t\t<div class=\"elementor-widget-container\">\n\t\t\t\t\t<span class=\"elementor-heading-title elementor-size-large\"> 16 Pasajeros<\/span>\t\t\t\t<\/div>\n\t\t\t\t<\/div>\n\t\t\t\t<div class=\"elementor-element elementor-element-00f3e88 elementor-widget elementor-widget-text-editor\" data-id=\"00f3e88\" data-element_type=\"widget\" data-e-type=\"widget\" data-widget_type=\"text-editor.default\">\n\t\t\t\t<div class=\"elementor-widget-container\">\n\t\t\t\t\t\t\t\t\t<p>&#8211; Hasta 16 PAX &#8211; Diesel<br \/>&#8211; Mec\u00e1nico &#8211; Full equipo<br \/>Precio por Dia Costa $240 &#8211; Incluido Chofer<br \/>Precio por Dia Sierra $280 &#8211; Incluido Chofer.<\/p>\t\t\t\t\t\t\t\t<\/div>\n\t\t\t\t<\/div>\n\t\t\t\t<div class=\"elementor-element elementor-element-9ec45d6 elementor-widget elementor-widget-heading\" data-id=\"9ec45d6\" data-element_type=\"widget\" data-e-type=\"widget\" data-widget_type=\"heading.default\">\n\t\t\t\t<div class=\"elementor-widget-container\">\n\t\t\t\t\t<span class=\"elementor-heading-title elementor-size-default\"><a href=\"https:\/\/api.whatsapp.com\/send?phone=593991790971&#038;text=Hola%20deseo%20rentar%20Buseta\" target=\"_blank\" rel=\"noopener\">M\u00e1s informaci\u00f3n al tel\u00e9fono &gt; 099 179 0971<\/a><\/span>\t\t\t\t<\/div>\n\t\t\t\t<\/div>\n\t\t\t\t<\/div>\n\t\t\t\t\t<\/div>\n\t\t\t\t<\/div>\n\t\t<div class=\"elementor-element elementor-element-453a3e2 e-flex e-con-boxed e-con e-parent\" data-id=\"453a3e2\" data-element_type=\"container\" data-e-type=\"container\" data-settings=\"{&quot;background_background&quot;:&quot;classic&quot;}\">\n\t\t\t\t\t<div class=\"e-con-inner\">\n\t\t<div class=\"elementor-element elementor-element-605fdc9 e-con-full e-flex e-con e-child\" data-id=\"605fdc9\" data-element_type=\"container\" data-e-type=\"container\">\n\t\t\t\t<\/div>\n\t\t<div class=\"elementor-element elementor-element-23a7700 e-con-full e-flex e-con e-child\" data-id=\"23a7700\" data-element_type=\"container\" data-e-type=\"container\">\n\t\t\t\t<div class=\"elementor-element elementor-element-bf949bf elementor-widget elementor-widget-text-editor\" data-id=\"bf949bf\" data-element_type=\"widget\" data-e-type=\"widget\" data-widget_type=\"text-editor.default\">\n\t\t\t\t<div class=\"elementor-widget-container\">\n\t\t\t\t\t\t\t\t\t<p>RESERVA:<br \/>Alquiler de busetas Guayaquil <strong>por WhatsApp<\/strong><\/p>\t\t\t\t\t\t\t\t<\/div>\n\t\t\t\t<\/div>\n\t\t\t\t<div class=\"elementor-element elementor-element-e87d10e elementor-align-center animated-fast elementor-invisible elementor-widget elementor-widget-button\" data-id=\"e87d10e\" data-element_type=\"widget\" data-e-type=\"widget\" data-settings=\"{&quot;_animation&quot;:&quot;headShake&quot;,&quot;_animation_delay&quot;:300}\" data-widget_type=\"button.default\">\n\t\t\t\t<div class=\"elementor-widget-container\">\n\t\t\t\t\t\t\t\t\t<div class=\"elementor-button-wrapper\">\n\t\t\t\t\t<a class=\"elementor-button elementor-button-link elementor-size-sm elementor-animation-push\" href=\"https:\/\/api.whatsapp.com\/send?phone=593991790971&#038;text=Hola%20deseo%20rentar%20Buseta\" target=\"_blank\" rel=\"noopener\">\n\t\t\t\t\t\t<span class=\"elementor-button-content-wrapper\">\n\t\t\t\t\t\t<span class=\"elementor-button-icon\">\n\t\t\t\t<i aria-hidden=\"true\" class=\"fab fa-whatsapp\"><\/i>\t\t\t<\/span>\n\t\t\t\t\t\t\t\t\t<span class=\"elementor-button-text\">RESERVAR 0991790971<\/span>\n\t\t\t\t\t<\/span>\n\t\t\t\t\t<\/a>\n\t\t\t\t<\/div>\n\t\t\t\t\t\t\t\t<\/div>\n\t\t\t\t<\/div>\n\t\t\t\t<\/div>\n\t\t<div class=\"elementor-element elementor-element-a292d0e e-con-full e-flex e-con e-child\" data-id=\"a292d0e\" data-element_type=\"container\" data-e-type=\"container\">\n\t\t\t\t<\/div>\n\t\t\t\t\t<\/div>\n\t\t\t\t<\/div>\n\t\t<div class=\"elementor-element elementor-element-f16e48b e-flex e-con-boxed e-con e-parent\" data-id=\"f16e48b\" data-element_type=\"container\" data-e-type=\"container\">\n\t\t\t\t\t<div class=\"e-con-inner\">\n\t\t\t\t<div class=\"elementor-element elementor-element-1d22f74 elementor-widget elementor-widget-heading\" data-id=\"1d22f74\" data-element_type=\"widget\" data-e-type=\"widget\" data-widget_type=\"heading.default\">\n\t\t\t\t<div class=\"elementor-widget-container\">\n\t\t\t\t\t<h4 class=\"elementor-heading-title elementor-size-default\">Alquiler de busetas<\/h4>\t\t\t\t<\/div>\n\t\t\t\t<\/div>\n\t\t\t\t<div class=\"elementor-element elementor-element-7573c11 elementor-widget elementor-widget-heading\" data-id=\"7573c11\" data-element_type=\"widget\" data-e-type=\"widget\" data-widget_type=\"heading.default\">\n\t\t\t\t<div class=\"elementor-widget-container\">\n\t\t\t\t\t<span class=\"elementor-heading-title elementor-size-default\">Jac Coaster  20 Pasajeros<\/span>\t\t\t\t<\/div>\n\t\t\t\t<\/div>\n\t\t<div class=\"elementor-element elementor-element-e78c8c5 e-con-full e-flex e-con e-child\" data-id=\"e78c8c5\" data-element_type=\"container\" data-e-type=\"container\">\n\t\t\t\t<div class=\"elementor-element elementor-element-954346e elementor-widget elementor-widget-image\" data-id=\"954346e\" data-element_type=\"widget\" data-e-type=\"widget\" data-widget_type=\"image.default\">\n\t\t\t\t<div class=\"elementor-widget-container\">\n\t\t\t\t\t\t\t\t\t\t\t\t\t\t\t<img loading=\"lazy\" decoding=\"async\" width=\"800\" height=\"800\" src=\"https:\/\/www.carmaxrentacar.com\/guayaquil\/wp-content\/uploads\/2025\/10\/busetas-de-alquiler-en-guayaquil-norte.webp\" class=\"attachment-full size-full wp-image-9422\" alt=\"busetas de alquiler en guayaquil norte\" srcset=\"https:\/\/www.carmaxrentacar.com\/guayaquil\/wp-content\/uploads\/2025\/10\/busetas-de-alquiler-en-guayaquil-norte.webp 800w, https:\/\/www.carmaxrentacar.com\/guayaquil\/wp-content\/uploads\/2025\/10\/busetas-de-alquiler-en-guayaquil-norte-300x300.webp 300w, https:\/\/www.carmaxrentacar.com\/guayaquil\/wp-content\/uploads\/2025\/10\/busetas-de-alquiler-en-guayaquil-norte-150x150.webp 150w, https:\/\/www.carmaxrentacar.com\/guayaquil\/wp-content\/uploads\/2025\/10\/busetas-de-alquiler-en-guayaquil-norte-768x768.webp 768w\" sizes=\"(max-width: 800px) 100vw, 800px\" title=\"\">\t\t\t\t\t\t\t\t\t\t\t\t\t\t\t<\/div>\n\t\t\t\t<\/div>\n\t\t\t\t<div class=\"elementor-element elementor-element-5429826 elementor-widget elementor-widget-image\" data-id=\"5429826\" data-element_type=\"widget\" data-e-type=\"widget\" data-widget_type=\"image.default\">\n\t\t\t\t<div class=\"elementor-widget-container\">\n\t\t\t\t\t\t\t\t\t\t\t\t\t\t\t<img loading=\"lazy\" decoding=\"async\" width=\"800\" height=\"800\" src=\"https:\/\/www.carmaxrentacar.com\/guayaquil\/wp-content\/uploads\/2025\/10\/busetas-de-alquiler-guayaquil.webp\" class=\"attachment-full size-full wp-image-9423\" alt=\"\" srcset=\"https:\/\/www.carmaxrentacar.com\/guayaquil\/wp-content\/uploads\/2025\/10\/busetas-de-alquiler-guayaquil.webp 800w, https:\/\/www.carmaxrentacar.com\/guayaquil\/wp-content\/uploads\/2025\/10\/busetas-de-alquiler-guayaquil-300x300.webp 300w, https:\/\/www.carmaxrentacar.com\/guayaquil\/wp-content\/uploads\/2025\/10\/busetas-de-alquiler-guayaquil-150x150.webp 150w, https:\/\/www.carmaxrentacar.com\/guayaquil\/wp-content\/uploads\/2025\/10\/busetas-de-alquiler-guayaquil-768x768.webp 768w\" sizes=\"(max-width: 800px) 100vw, 800px\" title=\"\">\t\t\t\t\t\t\t\t\t\t\t\t\t\t\t<\/div>\n\t\t\t\t<\/div>\n\t\t\t\t<div class=\"elementor-element elementor-element-7f3eaa5 elementor-widget elementor-widget-image\" data-id=\"7f3eaa5\" data-element_type=\"widget\" data-e-type=\"widget\" data-widget_type=\"image.default\">\n\t\t\t\t<div class=\"elementor-widget-container\">\n\t\t\t\t\t\t\t\t\t\t\t\t\t\t\t<img loading=\"lazy\" decoding=\"async\" width=\"800\" height=\"800\" src=\"https:\/\/www.carmaxrentacar.com\/guayaquil\/wp-content\/uploads\/2025\/10\/busetas-de-alquiler.webp\" class=\"attachment-full size-full wp-image-9421\" alt=\"busetas de alquiler\" srcset=\"https:\/\/www.carmaxrentacar.com\/guayaquil\/wp-content\/uploads\/2025\/10\/busetas-de-alquiler.webp 800w, https:\/\/www.carmaxrentacar.com\/guayaquil\/wp-content\/uploads\/2025\/10\/busetas-de-alquiler-300x300.webp 300w, https:\/\/www.carmaxrentacar.com\/guayaquil\/wp-content\/uploads\/2025\/10\/busetas-de-alquiler-150x150.webp 150w, https:\/\/www.carmaxrentacar.com\/guayaquil\/wp-content\/uploads\/2025\/10\/busetas-de-alquiler-768x768.webp 768w\" sizes=\"(max-width: 800px) 100vw, 800px\" title=\"\">\t\t\t\t\t\t\t\t\t\t\t\t\t\t\t<\/div>\n\t\t\t\t<\/div>\n\t\t\t\t<\/div>\n\t\t\t\t<div class=\"elementor-element elementor-element-11cd4af elementor-widget elementor-widget-text-editor\" data-id=\"11cd4af\" data-element_type=\"widget\" data-e-type=\"widget\" data-widget_type=\"text-editor.default\">\n\t\t\t\t<div class=\"elementor-widget-container\">\n\t\t\t\t\t\t\t\t\t<ul><li>20 PAX<\/li><li>Diesel<\/li><li>Mec\u00e1nico<\/li><li>Full equipo<\/li><\/ul><p>Precio por d\u00eda Costa o Ciudad <strong>$240<\/strong> &#8211; Incluido Chofer<\/p><p>Precio por d\u00eda Sierra <strong>$280<\/strong> &#8211; <strong>Incluido Chofer<\/strong><\/p>\t\t\t\t\t\t\t\t<\/div>\n\t\t\t\t<\/div>\n\t\t\t\t<div class=\"elementor-element elementor-element-74d3253 elementor-widget elementor-widget-heading\" data-id=\"74d3253\" data-element_type=\"widget\" data-e-type=\"widget\" data-widget_type=\"heading.default\">\n\t\t\t\t<div class=\"elementor-widget-container\">\n\t\t\t\t\t<span class=\"elementor-heading-title elementor-size-default\"><a href=\"https:\/\/api.whatsapp.com\/send?phone=593991790971&#038;text=Hola%20deseo%20rentar%20Buseta\" target=\"_blank\" rel=\"noopener\">M\u00e1s informaci\u00f3n al tel\u00e9fono &gt; 099 179 0971<\/a><\/span>\t\t\t\t<\/div>\n\t\t\t\t<\/div>\n\t\t\t\t\t<\/div>\n\t\t\t\t<\/div>\n\t\t<div class=\"elementor-element elementor-element-a079734 e-flex e-con-boxed e-con e-parent\" data-id=\"a079734\" data-element_type=\"container\" data-e-type=\"container\" data-settings=\"{&quot;background_background&quot;:&quot;classic&quot;}\">\n\t\t\t\t\t<div class=\"e-con-inner\">\n\t\t<div class=\"elementor-element elementor-element-dc86d44 e-con-full e-flex e-con e-child\" data-id=\"dc86d44\" data-element_type=\"container\" data-e-type=\"container\">\n\t\t\t\t<div class=\"elementor-element elementor-element-858e7d4 elementor-widget elementor-widget-heading\" data-id=\"858e7d4\" data-element_type=\"widget\" data-e-type=\"widget\" data-widget_type=\"heading.default\">\n\t\t\t\t<div class=\"elementor-widget-container\">\n\t\t\t\t\t<h3 class=\"elementor-heading-title elementor-size-default\">Alquiler de vans Guayaquil<\/h3>\t\t\t\t<\/div>\n\t\t\t\t<\/div>\n\t\t\t\t<div class=\"elementor-element elementor-element-61a123c elementor-widget elementor-widget-text-editor\" data-id=\"61a123c\" data-element_type=\"widget\" data-e-type=\"widget\" data-widget_type=\"text-editor.default\">\n\t\t\t\t<div class=\"elementor-widget-container\">\n\t\t\t\t\t\t\t\t\t<p>Alquiler de Busetas Guayaquil <strong>por WhatsApp<\/strong><\/p>\t\t\t\t\t\t\t\t<\/div>\n\t\t\t\t<\/div>\n\t\t\t\t<div class=\"elementor-element elementor-element-6c43e1a elementor-align-center animated-fast elementor-invisible elementor-widget elementor-widget-button\" data-id=\"6c43e1a\" data-element_type=\"widget\" data-e-type=\"widget\" data-settings=\"{&quot;_animation&quot;:&quot;headShake&quot;,&quot;_animation_delay&quot;:300}\" data-widget_type=\"button.default\">\n\t\t\t\t<div class=\"elementor-widget-container\">\n\t\t\t\t\t\t\t\t\t<div class=\"elementor-button-wrapper\">\n\t\t\t\t\t<a class=\"elementor-button elementor-button-link elementor-size-sm elementor-animation-push\" href=\"https:\/\/api.whatsapp.com\/send?phone=593991790971&#038;text=Hola%20deseo%20rentar%20Buseta\" target=\"_blank\" rel=\"noopener\">\n\t\t\t\t\t\t<span class=\"elementor-button-content-wrapper\">\n\t\t\t\t\t\t<span class=\"elementor-button-icon\">\n\t\t\t\t<i aria-hidden=\"true\" class=\"fab fa-whatsapp\"><\/i>\t\t\t<\/span>\n\t\t\t\t\t\t\t\t\t<span class=\"elementor-button-text\">RESERVAR 0991790971<\/span>\n\t\t\t\t\t<\/span>\n\t\t\t\t\t<\/a>\n\t\t\t\t<\/div>\n\t\t\t\t\t\t\t\t<\/div>\n\t\t\t\t<\/div>\n\t\t\t\t<\/div>\n\t\t\t\t\t<\/div>\n\t\t\t\t<\/div>\n\t\t<div class=\"elementor-element elementor-element-a0b5190 e-flex e-con-boxed e-con e-parent\" data-id=\"a0b5190\" data-element_type=\"container\" data-e-type=\"container\">\n\t\t\t\t\t<div class=\"e-con-inner\">\n\t\t\t\t<div class=\"elementor-element elementor-element-af3d43e elementor-widget elementor-widget-heading\" data-id=\"af3d43e\" data-element_type=\"widget\" data-e-type=\"widget\" data-widget_type=\"heading.default\">\n\t\t\t\t<div class=\"elementor-widget-container\">\n\t\t\t\t\t<h4 class=\"elementor-heading-title elementor-size-default\">Alquiler de buses de turismo en Guayaquil<\/h4>\t\t\t\t<\/div>\n\t\t\t\t<\/div>\n\t\t\t\t<div class=\"elementor-element elementor-element-6df5d0c elementor-widget elementor-widget-heading\" data-id=\"6df5d0c\" data-element_type=\"widget\" data-e-type=\"widget\" data-widget_type=\"heading.default\">\n\t\t\t\t<div class=\"elementor-widget-container\">\n\t\t\t\t\t<span class=\"elementor-heading-title elementor-size-default\">30 y 40 Pasajeros<\/span>\t\t\t\t<\/div>\n\t\t\t\t<\/div>\n\t\t<div class=\"elementor-element elementor-element-feeeb47 e-con-full e-flex e-con e-child\" data-id=\"feeeb47\" data-element_type=\"container\" data-e-type=\"container\">\n\t\t\t\t<div class=\"elementor-element elementor-element-77a6f3c elementor-widget elementor-widget-image\" data-id=\"77a6f3c\" data-element_type=\"widget\" data-e-type=\"widget\" data-widget_type=\"image.default\">\n\t\t\t\t<div class=\"elementor-widget-container\">\n\t\t\t\t\t\t\t\t\t\t\t\t\t\t\t<img loading=\"lazy\" decoding=\"async\" width=\"800\" height=\"800\" src=\"https:\/\/www.carmaxrentacar.com\/guayaquil\/wp-content\/uploads\/2025\/10\/alquiler-de-bus-40-pasajeros.webp\" class=\"attachment-full size-full wp-image-9438\" alt=\"alquiler de bus 40 pasajeros\" srcset=\"https:\/\/www.carmaxrentacar.com\/guayaquil\/wp-content\/uploads\/2025\/10\/alquiler-de-bus-40-pasajeros.webp 800w, https:\/\/www.carmaxrentacar.com\/guayaquil\/wp-content\/uploads\/2025\/10\/alquiler-de-bus-40-pasajeros-300x300.webp 300w, https:\/\/www.carmaxrentacar.com\/guayaquil\/wp-content\/uploads\/2025\/10\/alquiler-de-bus-40-pasajeros-150x150.webp 150w, https:\/\/www.carmaxrentacar.com\/guayaquil\/wp-content\/uploads\/2025\/10\/alquiler-de-bus-40-pasajeros-768x768.webp 768w\" sizes=\"(max-width: 800px) 100vw, 800px\" title=\"\">\t\t\t\t\t\t\t\t\t\t\t\t\t\t\t<\/div>\n\t\t\t\t<\/div>\n\t\t\t\t<div class=\"elementor-element elementor-element-5dfb87a elementor-widget elementor-widget-image\" data-id=\"5dfb87a\" data-element_type=\"widget\" data-e-type=\"widget\" data-widget_type=\"image.default\">\n\t\t\t\t<div class=\"elementor-widget-container\">\n\t\t\t\t\t\t\t\t\t\t\t\t\t\t\t<img loading=\"lazy\" decoding=\"async\" width=\"800\" height=\"800\" src=\"https:\/\/www.carmaxrentacar.com\/guayaquil\/wp-content\/uploads\/2025\/10\/alquiler-de-bus-30-pasajeros.webp\" class=\"attachment-full size-full wp-image-9439\" alt=\"alquiler de bus 30 pasajeros\" srcset=\"https:\/\/www.carmaxrentacar.com\/guayaquil\/wp-content\/uploads\/2025\/10\/alquiler-de-bus-30-pasajeros.webp 800w, https:\/\/www.carmaxrentacar.com\/guayaquil\/wp-content\/uploads\/2025\/10\/alquiler-de-bus-30-pasajeros-300x300.webp 300w, https:\/\/www.carmaxrentacar.com\/guayaquil\/wp-content\/uploads\/2025\/10\/alquiler-de-bus-30-pasajeros-150x150.webp 150w, https:\/\/www.carmaxrentacar.com\/guayaquil\/wp-content\/uploads\/2025\/10\/alquiler-de-bus-30-pasajeros-768x768.webp 768w\" sizes=\"(max-width: 800px) 100vw, 800px\" title=\"\">\t\t\t\t\t\t\t\t\t\t\t\t\t\t\t<\/div>\n\t\t\t\t<\/div>\n\t\t\t\t<div class=\"elementor-element elementor-element-f551ddb elementor-widget elementor-widget-image\" data-id=\"f551ddb\" data-element_type=\"widget\" data-e-type=\"widget\" data-widget_type=\"image.default\">\n\t\t\t\t<div class=\"elementor-widget-container\">\n\t\t\t\t\t\t\t\t\t\t\t\t\t\t\t<img loading=\"lazy\" decoding=\"async\" width=\"800\" height=\"800\" src=\"https:\/\/www.carmaxrentacar.com\/guayaquil\/wp-content\/uploads\/2025\/10\/alquiler-de-bus-30-pasajeros-guayaquil.webp\" class=\"attachment-full size-full wp-image-9437\" alt=\"alquiler de bus 30 pasajeros guayaquil\" srcset=\"https:\/\/www.carmaxrentacar.com\/guayaquil\/wp-content\/uploads\/2025\/10\/alquiler-de-bus-30-pasajeros-guayaquil.webp 800w, https:\/\/www.carmaxrentacar.com\/guayaquil\/wp-content\/uploads\/2025\/10\/alquiler-de-bus-30-pasajeros-guayaquil-300x300.webp 300w, https:\/\/www.carmaxrentacar.com\/guayaquil\/wp-content\/uploads\/2025\/10\/alquiler-de-bus-30-pasajeros-guayaquil-150x150.webp 150w, https:\/\/www.carmaxrentacar.com\/guayaquil\/wp-content\/uploads\/2025\/10\/alquiler-de-bus-30-pasajeros-guayaquil-768x768.webp 768w\" sizes=\"(max-width: 800px) 100vw, 800px\" title=\"\">\t\t\t\t\t\t\t\t\t\t\t\t\t\t\t<\/div>\n\t\t\t\t<\/div>\n\t\t\t\t<\/div>\n\t\t\t\t<div class=\"elementor-element elementor-element-8a43d24 elementor-widget elementor-widget-text-editor\" data-id=\"8a43d24\" data-element_type=\"widget\" data-e-type=\"widget\" data-widget_type=\"text-editor.default\">\n\t\t\t\t<div class=\"elementor-widget-container\">\n\t\t\t\t\t\t\t\t\t<ul><li>Desde 30 hasta 40 pasajeros<\/li><li>Diesel<\/li><li>Mec\u00e1nico<\/li><li>Full equipo<\/li><\/ul><p>Precio por d\u00eda Costa o Ciudad (incluye chofer):<\/p>\t\t\t\t\t\t\t\t<\/div>\n\t\t\t\t<\/div>\n\t\t\t\t<div class=\"elementor-element elementor-element-7744584 elementor-widget elementor-widget-heading\" data-id=\"7744584\" data-element_type=\"widget\" data-e-type=\"widget\" data-widget_type=\"heading.default\">\n\t\t\t\t<div class=\"elementor-widget-container\">\n\t\t\t\t\t<span class=\"elementor-heading-title elementor-size-default\"><a href=\"https:\/\/api.whatsapp.com\/send?phone=593991790971&#038;text=Hola%20deseo%20rentar%20Buseta\" target=\"_blank\" rel=\"noopener\">M\u00e1s informaci\u00f3n al tel\u00e9fono &gt; 099 179 0971<\/a><\/span>\t\t\t\t<\/div>\n\t\t\t\t<\/div>\n\t\t\t\t\t<\/div>\n\t\t\t\t<\/div>\n\t\t\t\t<\/div>\n\t\t","protected":false},"excerpt":{"rendered":"<p>Alquiler de Furgonetas en Guayaquil Modelo aerodin\u00e1mico ideal para excursiones en familia. Nuevo Hyundai Staria Renta m\u00ednimo 3 d\u00edas: $405 (total de tres d\u00edas). Requisitos: \u00a0Garant\u00eda accidentes $2000 voucher tarjeta de cr\u00e9dito\u00a0Garant\u00eda de $180 para multas (devuelto en 29 d\u00edas)\u00a0Pasaporte o c\u00e9dula Licencia de conducir vigente Incluye: Kilometraje o millas libres. Seguro b\u00e1sico. Rastreo Satelital [&hellip;]<\/p>\n","protected":false},"author":1,"featured_media":674,"parent":0,"menu_order":0,"comment_status":"closed","ping_status":"closed","template":"elementor_header_footer","meta":{"footnotes":""},"class_list":["post-642","page","type-page","status-publish","has-post-thumbnail","hentry","wpbf-post"],"_links":{"self":[{"href":"https:\/\/www.carmaxrentacar.com\/guayaquil\/wp-json\/wp\/v2\/pages\/642","targetHints":{"allow":["GET"]}}],"collection":[{"href":"https:\/\/www.carmaxrentacar.com\/guayaquil\/wp-json\/wp\/v2\/pages"}],"about":[{"href":"https:\/\/www.carmaxrentacar.com\/guayaquil\/wp-json\/wp\/v2\/types\/page"}],"author":[{"embeddable":true,"href":"https:\/\/www.carmaxrentacar.com\/guayaquil\/wp-json\/wp\/v2\/users\/1"}],"replies":[{"embeddable":true,"href":"https:\/\/www.carmaxrentacar.com\/guayaquil\/wp-json\/wp\/v2\/comments?post=642"}],"version-history":[{"count":0,"href":"https:\/\/www.carmaxrentacar.com\/guayaquil\/wp-json\/wp\/v2\/pages\/642\/revisions"}],"wp:featuredmedia":[{"embeddable":true,"href":"https:\/\/www.carmaxrentacar.com\/guayaquil\/wp-json\/wp\/v2\/media\/674"}],"wp:attachment":[{"href":"https:\/\/www.carmaxrentacar.com\/guayaquil\/wp-json\/wp\/v2\/media?parent=642"}],"curies":[{"name":"wp","href":"https:\/\/api.w.org\/{rel}","templated":true}]}}